{"id":23085,"date":"2024-03-01T16:50:10","date_gmt":"2024-03-01T15:50:10","guid":{"rendered":"https:\/\/u15jnbdpoq.preview.infomaniak.website\/produit\/100-sacos-de-ombro-biodegradaveis-de-26-12-x-45-cm-14-%c2%b5\/"},"modified":"2026-04-29T02:17:27","modified_gmt":"2026-04-29T00:17:27","slug":"100-sacos-de-ombro-biodegradaveis-de-26-12-x-45-cm-14-%c2%b5","status":"publish","type":"product","link":"https:\/\/www.csj-emballages.com\/pt-pt\/produit\/100-sacos-de-ombro-biodegradaveis-de-26-12-x-45-cm-14-%c2%b5\/","title":{"rendered":"Saco de ombro biodegrad\u00e1vel 26 + 12 x 45 cm 14 \u00b5 por 100"},"content":{"rendered":"<h2>Saco biodegrad\u00e1vel<\/h2>\n<hr>\n<h3><strong>Descri\u00e7\u00e3o do nosso saco de ombro biodegrad\u00e1vel 26 + 12 x 45 cm 14 \u00b5 por 100<\/strong><\/h3>\n<p><!--more--><\/p>\n<p data-start=\"260\" data-end=\"661\">Este <strong>saco biodegrad\u00e1vel com asas<\/strong> \u00e9 uma solu\u00e7\u00e3o simples e eficaz para transportar produtos do dia a dia, ao mesmo tempo que faz um gesto concreto pelo ambiente. Com o seu formato <strong data-start=\"443\" data-end=\"462\">26 + 12 x 45 cm<\/strong>, oferece um bom volume de carga sem ser volumoso. Pode colocar facilmente artigos alimentares, produtos de mercado, pratos para levar ou compras leves a m\u00e9dias.  <\/p>\n<p data-start=\"663\" data-end=\"1061\">Gra\u00e7as \u00e0s suas <strong data-start=\"675\" data-end=\"698\">asas integradas<\/strong>, a <strong>pegada permanece confort\u00e1vel<\/strong>. O <strong>saco<\/strong> transporta-se facilmente, mesmo quando o conte\u00fado come\u00e7a a pesar um pouco. A sua espessura de <strong data-start=\"827\" data-end=\"841\">14 microns<\/strong> garante uma boa resist\u00eancia para uma utiliza\u00e7\u00e3o corrente, mantendo-se flex\u00edvel e agrad\u00e1vel de manusear. N\u00e3o d\u00e1 aquela sensa\u00e7\u00e3o de saco demasiado r\u00edgido ou fr\u00e1gil: sente-se que foi pensado para uma utiliza\u00e7\u00e3o profissional regular.   <\/p>\n<p data-start=\"1063\" data-end=\"1434\">Mas o que realmente faz a diferen\u00e7a \u00e9 o seu <strong data-start=\"1114\" data-end=\"1141\">car\u00e1ter biodegrad\u00e1vel<\/strong>. Este saco foi concebido para limitar o impacto no ambiente, o que o torna uma escolha coerente para com\u00e9rcios comprometidos, mercados, mercearias, restaurantes ou autarquias. O seu visual s\u00f3brio, com uma mensagem ecol\u00f3gica clara, refor\u00e7a esta imagem respons\u00e1vel junto dos clientes.  <\/p>\n<p data-start=\"1436\" data-end=\"1693\">Vendido <strong data-start=\"1442\" data-end=\"1460\">em lote de 100<\/strong>, permite gerir facilmente o seu stock sem sobrecarregar o espa\u00e7o de arruma\u00e7\u00e3o. \u00c9 um formato pr\u00e1tico para os profissionais que procuram um bom compromisso entre funcionalidade, consci\u00eancia ecol\u00f3gica e simplicidade de utiliza\u00e7\u00e3o. <\/p>\n<p data-start=\"1695\" data-end=\"1907\">Em resumo, este <strong>saco biodegrad\u00e1vel com asas<\/strong> preenche todos os requisitos: pr\u00e1tico, resistente para uma utiliza\u00e7\u00e3o corrente, f\u00e1cil de distribuir e alinhado com as expectativas atuais em mat\u00e9ria de embalagens mais respons\u00e1veis.<\/p>\n<p data-start=\"1695\" data-end=\"1907\">\n<p data-start=\"1695\" data-end=\"1907\"><!--more--><\/p>\n<h4 data-start=\"1695\" data-end=\"1907\">Vantagens :<\/h4>\n<ul>\n<li data-start=\"1935\" data-end=\"1983\">Formato polivalente adaptado a in\u00fameras utiliza\u00e7\u00f5es.<\/li>\n<li data-start=\"1986\" data-end=\"2022\"><strong>Asas s\u00f3lidas<\/strong> e confort\u00e1veis.<\/li>\n<li data-start=\"2025\" data-end=\"2067\"><strong>Espessura de 14 \u00b5<\/strong> ideal para o dia a dia.<\/li>\n<li data-start=\"2070\" data-end=\"2127\">Saco biodegrad\u00e1vel, mais respeitador do ambiente.<\/li>\n<li data-start=\"2130\" data-end=\"2174\">Lote de <strong>100<\/strong> pr\u00e1tico para os profissionais.<\/li>\n<\/ul>\n<p>&nbsp;<\/p>\n<p><!--more--><\/p>\n<h4>Outras informa\u00e7\u00f5es :<\/h4>\n<ul>\n<li><strong>Embalagem<\/strong>: Pacote de 100<\/li>\n<li><strong>Resist\u00eancia<\/strong>: 14 microns<\/li>\n<li><strong>Dimens\u00f5es<\/strong>: 260 mm x 120 x 450 mm<\/li>\n<li><strong>Material<\/strong>: m\u00ednimo de 50% de material biodegrad\u00e1vel<\/li>\n<\/ul>\n<h2><\/h2>\n<p><!--more--><\/p>\n<p><a href=\"https:\/\/www.csj-emballages.com\/pt-pt\/categorie-produit\/embalagem-de-alimentos\/restauracao\/sacos-e-papel\/bolsas-de-ombro-artesanato\/sacos-de-plastico\/\">V\u00ea o resto da nossa gama de sacos de pl\u00e1stico<\/a><\/p>\n","protected":false},"excerpt":{"rendered":"<p>Saco biodegrad\u00e1vel Descri\u00e7\u00e3o do nosso saco de ombro biodegrad\u00e1vel 26 + 12 x 45 cm 14 \u00b5 por 100<\/p>\n","protected":false},"featured_media":207233,"template":"","meta":{"_acf_changed":false},"product_brand":[],"product_cat":[1141,1138,3928,2802,9206,1482,1891,3279,1152,6698],"product_tag":[],"class_list":{"0":"post-23085","1":"product","2":"type-product","3":"status-publish","4":"has-post-thumbnail","6":"product_cat-embalagem-de-alimentos","7":"product_cat-restauracao","8":"product_cat-sacos-e-papel","9":"product_cat-bolsas-de-ombro-artesanato","10":"product_cat-sacos-de-plastico","11":"product_cat-loja-e-armazem","12":"product_cat-sacos-de-ombro-artesanato","13":"product_cat-bolsas-de-ombro","14":"product_cat-gama-biologica","15":"product_cat-sacos-organicos-pt-pt","17":"first","18":"instock","19":"taxable","20":"shipping-taxable","21":"purchasable","22":"product-type-simple"},"acf":[],"yoast_head":"<!-- This site is optimized with the Yoast SEO Premium plugin v26.6 (Yoast SEO v26.6) - https:\/\/yoast.com\/wordpress\/plugins\/seo\/ -->\n<title>Saco Biodegrad\u00e1vel com Asas 26 + 12 x 45 cm 14 \u00b5 por 100<\/title>\n<meta name=\"description\" content=\"Saco biodegrad\u00e1vel com asas 26+12x45 cm, 14 \u00b5, vendido por 100. Pr\u00e1tico, resistente e ideal para com\u00e9rcios comprometidos com uma abordagem eco-respons\u00e1vel.\" \/>\n<meta name=\"robots\" content=\"index, follow, max-snippet:-1, max-image-preview:large, max-video-preview:-1\" \/>\n<link rel=\"canonical\" href=\"https:\/\/www.csj-emballages.com\/pt-pt\/produit\/100-sacos-de-ombro-biodegradaveis-de-26-12-x-45-cm-14-%c2%b5\/\" \/>\n<meta property=\"og:locale\" content=\"pt_PT\" \/>\n<meta property=\"og:type\" content=\"article\" \/>\n<meta property=\"og:title\" content=\"Saco de ombro biodegrad\u00e1vel 26 + 12 x 45 cm 14 \u00b5 por 100\" \/>\n<meta property=\"og:description\" content=\"Saco biodegrad\u00e1vel com asas 26+12x45 cm, 14 \u00b5, vendido por 100. Pr\u00e1tico, resistente e ideal para com\u00e9rcios comprometidos com uma abordagem eco-respons\u00e1vel.\" \/>\n<meta property=\"og:url\" content=\"https:\/\/www.csj-emballages.com\/pt-pt\/produit\/100-sacos-de-ombro-biodegradaveis-de-26-12-x-45-cm-14-%c2%b5\/\" \/>\n<meta property=\"og:site_name\" content=\"CSJ Emballages\" \/>\n<meta property=\"article:publisher\" content=\"https:\/\/www.facebook.com\/csjemballages\" \/>\n<meta property=\"article:modified_time\" content=\"2026-04-29T00:17:27+00:00\" \/>\n<meta property=\"og:image\" content=\"https:\/\/www.csj-emballages.com\/wp-content\/uploads\/2024\/03\/SAC5045BIO.webp\" \/>\n\t<meta property=\"og:image:width\" content=\"801\" \/>\n\t<meta property=\"og:image:height\" content=\"801\" \/>\n\t<meta property=\"og:image:type\" content=\"image\/webp\" \/>\n<meta name=\"twitter:card\" content=\"summary_large_image\" \/>\n<meta name=\"twitter:label1\" content=\"Tempo estimado de leitura\" \/>\n\t<meta name=\"twitter:data1\" content=\"2 minutos\" \/>\n<script type=\"application\/ld+json\" class=\"yoast-schema-graph\">{\"@context\":\"https:\/\/schema.org\",\"@graph\":[{\"@type\":\"WebPage\",\"@id\":\"https:\/\/www.csj-emballages.com\/pt-pt\/produit\/100-sacos-de-ombro-biodegradaveis-de-26-12-x-45-cm-14-%c2%b5\/\",\"url\":\"https:\/\/www.csj-emballages.com\/pt-pt\/produit\/100-sacos-de-ombro-biodegradaveis-de-26-12-x-45-cm-14-%c2%b5\/\",\"name\":\"Saco Biodegrad\u00e1vel com Asas 26 + 12 x 45 cm 14 \u00b5 por 100\",\"isPartOf\":{\"@id\":\"https:\/\/www.csj-emballages.com\/pt-pt\/#website\"},\"primaryImageOfPage\":{\"@id\":\"https:\/\/www.csj-emballages.com\/pt-pt\/produit\/100-sacos-de-ombro-biodegradaveis-de-26-12-x-45-cm-14-%c2%b5\/#primaryimage\"},\"image\":{\"@id\":\"https:\/\/www.csj-emballages.com\/pt-pt\/produit\/100-sacos-de-ombro-biodegradaveis-de-26-12-x-45-cm-14-%c2%b5\/#primaryimage\"},\"thumbnailUrl\":\"https:\/\/www.csj-emballages.com\/wp-content\/uploads\/2024\/03\/SAC5045BIO.webp\",\"datePublished\":\"2024-03-01T15:50:10+00:00\",\"dateModified\":\"2026-04-29T00:17:27+00:00\",\"description\":\"Saco biodegrad\u00e1vel com asas 26+12x45 cm, 14 \u00b5, vendido por 100. Pr\u00e1tico, resistente e ideal para com\u00e9rcios comprometidos com uma abordagem eco-respons\u00e1vel.\",\"breadcrumb\":{\"@id\":\"https:\/\/www.csj-emballages.com\/pt-pt\/produit\/100-sacos-de-ombro-biodegradaveis-de-26-12-x-45-cm-14-%c2%b5\/#breadcrumb\"},\"inLanguage\":\"pt-PT\",\"potentialAction\":[{\"@type\":\"ReadAction\",\"target\":[\"https:\/\/www.csj-emballages.com\/pt-pt\/produit\/100-sacos-de-ombro-biodegradaveis-de-26-12-x-45-cm-14-%c2%b5\/\"]}]},{\"@type\":\"ImageObject\",\"inLanguage\":\"pt-PT\",\"@id\":\"https:\/\/www.csj-emballages.com\/pt-pt\/produit\/100-sacos-de-ombro-biodegradaveis-de-26-12-x-45-cm-14-%c2%b5\/#primaryimage\",\"url\":\"https:\/\/www.csj-emballages.com\/wp-content\/uploads\/2024\/03\/SAC5045BIO.webp\",\"contentUrl\":\"https:\/\/www.csj-emballages.com\/wp-content\/uploads\/2024\/03\/SAC5045BIO.webp\",\"width\":801,\"height\":801,\"caption\":\"sac biod\u00e9gradable\"},{\"@type\":\"BreadcrumbList\",\"@id\":\"https:\/\/www.csj-emballages.com\/pt-pt\/produit\/100-sacos-de-ombro-biodegradaveis-de-26-12-x-45-cm-14-%c2%b5\/#breadcrumb\",\"itemListElement\":[{\"@type\":\"ListItem\",\"position\":1,\"name\":\"Acolhimento\",\"item\":\"https:\/\/www.csj-emballages.com\/pt-pt\/universo-das-embalagens-alimentares\/\"},{\"@type\":\"ListItem\",\"position\":2,\"name\":\"Shop\",\"item\":\"https:\/\/www.csj-emballages.com\/shop\/\"},{\"@type\":\"ListItem\",\"position\":3,\"name\":\"Saco de ombro biodegrad\u00e1vel 26 + 12 x 45 cm 14 \u00b5 por 100\"}]},{\"@type\":\"WebSite\",\"@id\":\"https:\/\/www.csj-emballages.com\/pt-pt\/#website\",\"url\":\"https:\/\/www.csj-emballages.com\/pt-pt\/\",\"name\":\"CSJ Emballages\",\"description\":\"\",\"publisher\":{\"@id\":\"https:\/\/www.csj-emballages.com\/pt-pt\/#organization\"},\"potentialAction\":[{\"@type\":\"SearchAction\",\"target\":{\"@type\":\"EntryPoint\",\"urlTemplate\":\"https:\/\/www.csj-emballages.com\/pt-pt\/?s={search_term_string}\"},\"query-input\":{\"@type\":\"PropertyValueSpecification\",\"valueRequired\":true,\"valueName\":\"search_term_string\"}}],\"inLanguage\":\"pt-PT\"},{\"@type\":\"Organization\",\"@id\":\"https:\/\/www.csj-emballages.com\/pt-pt\/#Organization\/\",\"name\":\"CSJ Emballages\",\"url\":\"https:\/\/www.csj-emballages.com\/pt-pt\/\",\"logo\":{\"@type\":\"ImageObject\",\"inLanguage\":\"pt-PT\",\"@id\":\"https:\/\/www.csj-emballages.com\/pt-pt\/#\/schema\/logo\/image\/\",\"url\":\"https:\/\/www.csj-emballages.com\/wp-content\/uploads\/2023\/10\/logo_csj.webp\",\"contentUrl\":\"https:\/\/www.csj-emballages.com\/wp-content\/uploads\/2023\/10\/logo_csj.webp\",\"width\":250,\"height\":95,\"caption\":\"CSJ Emballages\"},\"image\":{\"@id\":\"https:\/\/www.csj-emballages.com\/pt-pt\/#\/schema\/logo\/image\/\"},\"sameAs\":[\"https:\/\/www.facebook.com\/csjemballages\"],\"address\":{\"@type\":\"PostalAddress\",\"streetAddress\":\"ZI La Lechere\",\"addressLocality\":\"Patornay\",\"postalCode\":\"39130\",\"addressCountry\":\"FR\"},\"contactPoint\":[{\"@type\":\"ContactPoint\",\"contactType\":\"Service client\",\"telephone\":\"0384254272\",\"email\":\"contact@csj-emballages.com\"}]}]}<\/script>\n<!-- \/ Yoast SEO Premium plugin. -->","yoast_head_json":{"title":"Saco Biodegrad\u00e1vel com Asas 26 + 12 x 45 cm 14 \u00b5 por 100","description":"Saco biodegrad\u00e1vel com asas 26+12x45 cm, 14 \u00b5, vendido por 100. Pr\u00e1tico, resistente e ideal para com\u00e9rcios comprometidos com uma abordagem eco-respons\u00e1vel.","robots":{"index":"index","follow":"follow","max-snippet":"max-snippet:-1","max-image-preview":"max-image-preview:large","max-video-preview":"max-video-preview:-1"},"canonical":"https:\/\/www.csj-emballages.com\/pt-pt\/produit\/100-sacos-de-ombro-biodegradaveis-de-26-12-x-45-cm-14-%c2%b5\/","og_locale":"pt_PT","og_type":"article","og_title":"Saco de ombro biodegrad\u00e1vel 26 + 12 x 45 cm 14 \u00b5 por 100","og_description":"Saco biodegrad\u00e1vel com asas 26+12x45 cm, 14 \u00b5, vendido por 100. Pr\u00e1tico, resistente e ideal para com\u00e9rcios comprometidos com uma abordagem eco-respons\u00e1vel.","og_url":"https:\/\/www.csj-emballages.com\/pt-pt\/produit\/100-sacos-de-ombro-biodegradaveis-de-26-12-x-45-cm-14-%c2%b5\/","og_site_name":"CSJ Emballages","article_publisher":"https:\/\/www.facebook.com\/csjemballages","article_modified_time":"2026-04-29T00:17:27+00:00","og_image":[{"width":801,"height":801,"url":"https:\/\/www.csj-emballages.com\/wp-content\/uploads\/2024\/03\/SAC5045BIO.webp","type":"image\/webp"}],"twitter_card":"summary_large_image","twitter_misc":{"Tempo estimado de leitura":"2 minutos"},"schema":{"@context":"https:\/\/schema.org","@graph":[{"@type":"WebPage","@id":"https:\/\/www.csj-emballages.com\/pt-pt\/produit\/100-sacos-de-ombro-biodegradaveis-de-26-12-x-45-cm-14-%c2%b5\/","url":"https:\/\/www.csj-emballages.com\/pt-pt\/produit\/100-sacos-de-ombro-biodegradaveis-de-26-12-x-45-cm-14-%c2%b5\/","name":"Saco Biodegrad\u00e1vel com Asas 26 + 12 x 45 cm 14 \u00b5 por 100","isPartOf":{"@id":"https:\/\/www.csj-emballages.com\/pt-pt\/#website"},"primaryImageOfPage":{"@id":"https:\/\/www.csj-emballages.com\/pt-pt\/produit\/100-sacos-de-ombro-biodegradaveis-de-26-12-x-45-cm-14-%c2%b5\/#primaryimage"},"image":{"@id":"https:\/\/www.csj-emballages.com\/pt-pt\/produit\/100-sacos-de-ombro-biodegradaveis-de-26-12-x-45-cm-14-%c2%b5\/#primaryimage"},"thumbnailUrl":"https:\/\/www.csj-emballages.com\/wp-content\/uploads\/2024\/03\/SAC5045BIO.webp","datePublished":"2024-03-01T15:50:10+00:00","dateModified":"2026-04-29T00:17:27+00:00","description":"Saco biodegrad\u00e1vel com asas 26+12x45 cm, 14 \u00b5, vendido por 100. Pr\u00e1tico, resistente e ideal para com\u00e9rcios comprometidos com uma abordagem eco-respons\u00e1vel.","breadcrumb":{"@id":"https:\/\/www.csj-emballages.com\/pt-pt\/produit\/100-sacos-de-ombro-biodegradaveis-de-26-12-x-45-cm-14-%c2%b5\/#breadcrumb"},"inLanguage":"pt-PT","potentialAction":[{"@type":"ReadAction","target":["https:\/\/www.csj-emballages.com\/pt-pt\/produit\/100-sacos-de-ombro-biodegradaveis-de-26-12-x-45-cm-14-%c2%b5\/"]}]},{"@type":"ImageObject","inLanguage":"pt-PT","@id":"https:\/\/www.csj-emballages.com\/pt-pt\/produit\/100-sacos-de-ombro-biodegradaveis-de-26-12-x-45-cm-14-%c2%b5\/#primaryimage","url":"https:\/\/www.csj-emballages.com\/wp-content\/uploads\/2024\/03\/SAC5045BIO.webp","contentUrl":"https:\/\/www.csj-emballages.com\/wp-content\/uploads\/2024\/03\/SAC5045BIO.webp","width":801,"height":801,"caption":"sac biod\u00e9gradable"},{"@type":"BreadcrumbList","@id":"https:\/\/www.csj-emballages.com\/pt-pt\/produit\/100-sacos-de-ombro-biodegradaveis-de-26-12-x-45-cm-14-%c2%b5\/#breadcrumb","itemListElement":[{"@type":"ListItem","position":1,"name":"Acolhimento","item":"https:\/\/www.csj-emballages.com\/pt-pt\/universo-das-embalagens-alimentares\/"},{"@type":"ListItem","position":2,"name":"Shop","item":"https:\/\/www.csj-emballages.com\/shop\/"},{"@type":"ListItem","position":3,"name":"Saco de ombro biodegrad\u00e1vel 26 + 12 x 45 cm 14 \u00b5 por 100"}]},{"@type":"WebSite","@id":"https:\/\/www.csj-emballages.com\/pt-pt\/#website","url":"https:\/\/www.csj-emballages.com\/pt-pt\/","name":"CSJ Emballages","description":"","publisher":{"@id":"https:\/\/www.csj-emballages.com\/pt-pt\/#organization"},"potentialAction":[{"@type":"SearchAction","target":{"@type":"EntryPoint","urlTemplate":"https:\/\/www.csj-emballages.com\/pt-pt\/?s={search_term_string}"},"query-input":{"@type":"PropertyValueSpecification","valueRequired":true,"valueName":"search_term_string"}}],"inLanguage":"pt-PT"},{"@type":"Organization","@id":"https:\/\/www.csj-emballages.com\/pt-pt\/#Organization\/","name":"CSJ Emballages","url":"https:\/\/www.csj-emballages.com\/pt-pt\/","logo":{"@type":"ImageObject","inLanguage":"pt-PT","@id":"https:\/\/www.csj-emballages.com\/pt-pt\/#\/schema\/logo\/image\/","url":"https:\/\/www.csj-emballages.com\/wp-content\/uploads\/2023\/10\/logo_csj.webp","contentUrl":"https:\/\/www.csj-emballages.com\/wp-content\/uploads\/2023\/10\/logo_csj.webp","width":250,"height":95,"caption":"CSJ Emballages"},"image":{"@id":"https:\/\/www.csj-emballages.com\/pt-pt\/#\/schema\/logo\/image\/"},"sameAs":["https:\/\/www.facebook.com\/csjemballages"],"address":{"@type":"PostalAddress","streetAddress":"ZI La Lechere","addressLocality":"Patornay","postalCode":"39130","addressCountry":"FR"},"contactPoint":[{"@type":"ContactPoint","contactType":"Service client","telephone":"0384254272","email":"contact@csj-emballages.com"}]}]}},"df_price":6.25,"df_sale_price":"","df_regular_price":6.25,"df_image_link":"https:\/\/www.csj-emballages.com\/wp-content\/uploads\/2024\/03\/SAC5045BIO-300x300.webp","tiered_pricing_type":"fixed","tiered_pricing_fixed_rules":[],"tiered_pricing_percentage_rules":[],"tiered_pricing_minimum":1,"tiered_pricing_roles_data":[],"_links":{"self":[{"href":"https:\/\/www.csj-emballages.com\/pt-pt\/wp-json\/wp\/v2\/product\/23085","targetHints":{"allow":["GET"]}}],"collection":[{"href":"https:\/\/www.csj-emballages.com\/pt-pt\/wp-json\/wp\/v2\/product"}],"about":[{"href":"https:\/\/www.csj-emballages.com\/pt-pt\/wp-json\/wp\/v2\/types\/product"}],"wp:featuredmedia":[{"embeddable":true,"href":"https:\/\/www.csj-emballages.com\/pt-pt\/wp-json\/wp\/v2\/media\/207233"}],"wp:attachment":[{"href":"https:\/\/www.csj-emballages.com\/pt-pt\/wp-json\/wp\/v2\/media?parent=23085"}],"wp:term":[{"taxonomy":"product_brand","embeddable":true,"href":"https:\/\/www.csj-emballages.com\/pt-pt\/wp-json\/wp\/v2\/product_brand?post=23085"},{"taxonomy":"product_cat","embeddable":true,"href":"https:\/\/www.csj-emballages.com\/pt-pt\/wp-json\/wp\/v2\/product_cat?post=23085"},{"taxonomy":"product_tag","embeddable":true,"href":"https:\/\/www.csj-emballages.com\/pt-pt\/wp-json\/wp\/v2\/product_tag?post=23085"}],"curies":[{"name":"wp","href":"https:\/\/api.w.org\/{rel}","templated":true}]}}