{"id":22889,"date":"2024-03-01T16:50:16","date_gmt":"2024-03-01T15:50:16","guid":{"rendered":"https:\/\/u15jnbdpoq.preview.infomaniak.website\/produit\/250-rodelas-brancas-recortadas-o29-cm\/"},"modified":"2026-04-24T02:15:59","modified_gmt":"2026-04-24T00:15:59","slug":"250-rodelas-brancas-recortadas-o29-cm","status":"publish","type":"product","link":"https:\/\/www.csj-emballages.com\/pt-pt\/produit\/250-rodelas-brancas-recortadas-o29-cm\/","title":{"rendered":"Redonda branca recortada \u00f829 cm por 250"},"content":{"rendered":"<h2>Redondo branco recortado<\/h2>\n<hr>\n<h3>Descri\u00e7\u00e3o do nosso modelo redondo branco recortado \u00f829 cm por 250<\/h3>\n<p><!--more--><\/p>\n<p data-start=\"355\" data-end=\"773\">Opte pela praticidade e pela eleg\u00e2ncia com o suporte <strong data-start=\"401\" data-end=\"439\">redondo branco recortado \u00f829 cm por 250<\/strong>. Este suporte \u00e9 indispens\u00e1vel para os <strong data-start=\"493\" data-end=\"506\">fornecedores de refei\u00e7\u00f5es<\/strong>, <strong data-start=\"508\" data-end=\"522\">pasteleiros<\/strong>, <strong data-start=\"524\" data-end=\"538\">padeiros<\/strong> e <strong data-start=\"552\" data-end=\"568\">particulares<\/strong> que desejam apresentar as suas prepara\u00e7\u00f5es com cuidado. Com um di\u00e2metro de <strong>29 cm<\/strong>, \u00e9 perfeito para uma vasta gama de aplica\u00e7\u00f5es: bolos, tartes, entremets, quiches e pratos salgados. A forma <strong data-start=\"778\" data-end=\"795\">redonda recortada<\/strong> distingue-se pelo seu design requintado com os seus contornos trabalhados. Confere um verdadeiro toque est\u00e9tico \u00e0s suas cria\u00e7\u00f5es, sem descurar a robustez. Fabricada em <strong>cart\u00e3o<\/strong>, suporta o peso das suas prepara\u00e7\u00f5es e proporciona uma fixa\u00e7\u00e3o fi\u00e1vel, quer para exposi\u00e7\u00e3o quer para transporte. A sua superf\u00edcie branca real\u00e7a os seus produtos e d\u00e1-lhes um aspeto profissional imediato.      <\/p>\n<p data-start=\"1221\" data-end=\"1588\">Embalado <strong data-start=\"1233\" data-end=\"1251\">em 250 unidades<\/strong>, este pacote foi concebido para responder \u00e0s necessidades dos profissionais que trabalham em volume, mantendo-se pr\u00e1tico para os particulares que organizam eventos (anivers\u00e1rios, casamentos, buffets&#8230;). N\u00e3o \u00e9 necess\u00e1rio preocupar-se com os suportes que se dobram ou que prejudicam a est\u00e9tica dos seus pratos: este modelo combina resist\u00eancia e eleg\u00e2ncia. <\/p>\n<p data-start=\"1590\" data-end=\"1827\">Ao escolher este <strong data-start=\"1608\" data-end=\"1646\">redondo branco recortado \u00f829 cm por 250<\/strong>, est\u00e1 a optar pela simplicidade, efic\u00e1cia e apresenta\u00e7\u00e3o impec\u00e1vel. Um pequeno pormenor que faz toda a diferen\u00e7a quando se trata de seduzir os seus clientes ou os seus convidados! <\/p>\n<p data-start=\"1387\" data-end=\"1632\"><!--more--><\/p>\n<h4>Vantagens :<\/h4>\n<ul>\n<li><strong data-start=\"1657\" data-end=\"1682\">Apresenta\u00e7\u00e3o elegante<\/strong> gra\u00e7as ao requintado recorte.<\/li>\n<li><strong data-start=\"1715\" data-end=\"1733\">Base r\u00edgida<\/strong> para segurar as sobremesas de forma segura.<\/li>\n<li><strong data-start=\"1780\" data-end=\"1799\">Pr\u00e1tico formato de<\/strong> 29 cm para pequenas pastelarias e sobremesas.<\/li>\n<li><strong data-start=\"1857\" data-end=\"1871\">Higi\u00e9nico<\/strong>: evita o contacto direto com as superf\u00edcies.<\/li>\n<li><strong data-start=\"1920\" data-end=\"1950\">Embalado<\/strong> em 250 unidades.<\/li>\n<\/ul>\n<p>&nbsp;<\/p>\n<p><!--more--><\/p>\n<h4>Outras informa\u00e7\u00f5es :<\/h4>\n<ul>\n<li><strong>Embalagem<\/strong>: 250 unidades<\/li>\n<li><strong>Di\u00e2metro<\/strong>: 29 cm<\/li>\n<li><strong>Cor<\/strong>: Branco<\/li>\n<li><strong>Material<\/strong>: Cart\u00e3o<\/li>\n<li><strong>Forma<\/strong>: recortada<\/li>\n<\/ul>\n<p>&nbsp;<\/p>\n<p><!--more--><\/p>\n<p>Encontre todos os tamanhos dispon\u00edveis para estas rodelas brancas recortadas aqui: <span style=\"color: #d12727;\"><a style=\"color: #d12727;\" href=\"https:\/\/www.csj-emballages.com\/pt-pt\/produit\/250-rodelas-brancas-recortadas-o15-cm\/\">\u00d815 cm<\/a><\/span> \/ <span style=\"color: #d12727;\"><a style=\"color: #d12727;\" href=\"https:\/\/www.csj-emballages.com\/pt-pt\/produit\/250-rodelas-brancas-recortadas-o17-cm\/\">\u00d817 cm<\/a><\/span> \/ <span style=\"color: #d12727;\"><a style=\"color: #d12727;\" href=\"https:\/\/www.csj-emballages.com\/pt-pt\/produit\/250-rodelas-brancas-recortadas-o19-cm\/\">\u00d819 cm<\/a><\/span> \/ <g id=\"gid_6\"><g id=\"gid_7\">\u00d821 cm<\/g><\/g> \/ <span style=\"color: #d12727;\"><a style=\"color: #d12727;\" href=\"https:\/\/www.csj-emballages.com\/produit\/250-ronds-blancs-festonnes-o23-cm\/\">\u00d823 cm<\/a><\/span> \/ <g id=\"gid_10\"><g id=\"gid_11\">\u00d825 cm<\/g><\/g> \/ <span style=\"color: #d12727;\"><a style=\"color: #d12727;\" href=\"https:\/\/www.csj-emballages.com\/pt-pt\/produit\/250-rodelas-brancas-recortadas-o27-cm\/\">\u00d826 cm<\/a><\/span> \/         <span style=\"color: #d12727;\"><a style=\"color: #d12727;\" href=\"https:\/\/www.csj-emballages.com\/produit\/250-ronds-blancs-festonnes-o31-cm\/\">\u00d832 cm<\/a><\/span><\/p>\n<p>&nbsp;<\/p>\n<p><!--more--><\/p>\n<p><a href=\"https:\/\/www.csj-emballages.com\/pt-pt\/categorie-produit\/embalagem-de-alimentos\/padaria-e-pastelaria\/suportes-para-bases-de-bolos\/bases-para-bolos-redondas\/suportes-para-bolos-com-vieiras\/\">Ver o resto da nossa gama de c\u00edrculos brancos recortados<\/a><\/p>\n","protected":false},"excerpt":{"rendered":"<p>Redondo branco recortado Descri\u00e7\u00e3o do nosso modelo redondo branco recortado \u00f829 cm por 250<\/p>\n","protected":false},"featured_media":241319,"template":"","meta":{"_acf_changed":false},"product_brand":[],"product_cat":[1141,1177,1914,3245],"product_tag":[],"class_list":{"0":"post-22889","1":"product","2":"type-product","3":"status-publish","4":"has-post-thumbnail","6":"product_cat-embalagem-de-alimentos","7":"product_cat-padaria-e-pastelaria","8":"product_cat-suportes-para-bases-de-bolos","9":"product_cat-suportes-para-bolos-com-vieiras","11":"first","12":"instock","13":"taxable","14":"shipping-taxable","15":"purchasable","16":"product-type-simple"},"acf":[],"yoast_head":"<!-- This site is optimized with the Yoast SEO Premium plugin v26.6 (Yoast SEO v26.6) - https:\/\/yoast.com\/wordpress\/plugins\/seo\/ -->\n<title>Redonda branca recortada \u00f829 cm por 250<\/title>\n<meta name=\"description\" content=\"Melhore as suas apresenta\u00e7\u00f5es com a forma redonda branca recortada de \u00f829 cm por 250 unidades: elegante, pr\u00e1tica e resistente, ideal para os profissionais de restaura\u00e7\u00e3o e pastelaria.\" \/>\n<meta name=\"robots\" content=\"index, follow, max-snippet:-1, max-image-preview:large, max-video-preview:-1\" \/>\n<link rel=\"canonical\" href=\"https:\/\/www.csj-emballages.com\/pt-pt\/produit\/250-rodelas-brancas-recortadas-o29-cm\/\" \/>\n<meta property=\"og:locale\" content=\"pt_PT\" \/>\n<meta property=\"og:type\" content=\"article\" \/>\n<meta property=\"og:title\" content=\"Redonda branca recortada \u00f829 cm por 250\" \/>\n<meta property=\"og:description\" content=\"Melhore as suas apresenta\u00e7\u00f5es com a forma redonda branca recortada de \u00f829 cm por 250 unidades: elegante, pr\u00e1tica e resistente, ideal para os profissionais de restaura\u00e7\u00e3o e pastelaria.\" \/>\n<meta property=\"og:url\" content=\"https:\/\/www.csj-emballages.com\/pt-pt\/produit\/250-rodelas-brancas-recortadas-o29-cm\/\" \/>\n<meta property=\"og:site_name\" content=\"CSJ Emballages\" \/>\n<meta property=\"article:publisher\" content=\"https:\/\/www.facebook.com\/csjemballages\" \/>\n<meta property=\"article:modified_time\" content=\"2026-04-24T00:15:59+00:00\" \/>\n<meta property=\"og:image\" content=\"https:\/\/www.csj-emballages.com\/wp-content\/uploads\/2024\/03\/RF.webp\" \/>\n\t<meta property=\"og:image:width\" content=\"800\" \/>\n\t<meta property=\"og:image:height\" content=\"800\" \/>\n\t<meta property=\"og:image:type\" content=\"image\/webp\" \/>\n<meta name=\"twitter:card\" content=\"summary_large_image\" \/>\n<meta name=\"twitter:label1\" content=\"Tempo estimado de leitura\" \/>\n\t<meta name=\"twitter:data1\" content=\"2 minutos\" \/>\n<script type=\"application\/ld+json\" class=\"yoast-schema-graph\">{\"@context\":\"https:\/\/schema.org\",\"@graph\":[{\"@type\":\"WebPage\",\"@id\":\"https:\/\/www.csj-emballages.com\/pt-pt\/produit\/250-rodelas-brancas-recortadas-o29-cm\/\",\"url\":\"https:\/\/www.csj-emballages.com\/pt-pt\/produit\/250-rodelas-brancas-recortadas-o29-cm\/\",\"name\":\"Redonda branca recortada \u00f829 cm por 250\",\"isPartOf\":{\"@id\":\"https:\/\/www.csj-emballages.com\/pt-pt\/#website\"},\"primaryImageOfPage\":{\"@id\":\"https:\/\/www.csj-emballages.com\/pt-pt\/produit\/250-rodelas-brancas-recortadas-o29-cm\/#primaryimage\"},\"image\":{\"@id\":\"https:\/\/www.csj-emballages.com\/pt-pt\/produit\/250-rodelas-brancas-recortadas-o29-cm\/#primaryimage\"},\"thumbnailUrl\":\"https:\/\/www.csj-emballages.com\/wp-content\/uploads\/2024\/03\/RF.webp\",\"datePublished\":\"2024-03-01T15:50:16+00:00\",\"dateModified\":\"2026-04-24T00:15:59+00:00\",\"description\":\"Melhore as suas apresenta\u00e7\u00f5es com a forma redonda branca recortada de \u00f829 cm por 250 unidades: elegante, pr\u00e1tica e resistente, ideal para os profissionais de restaura\u00e7\u00e3o e pastelaria.\",\"breadcrumb\":{\"@id\":\"https:\/\/www.csj-emballages.com\/pt-pt\/produit\/250-rodelas-brancas-recortadas-o29-cm\/#breadcrumb\"},\"inLanguage\":\"pt-PT\",\"potentialAction\":[{\"@type\":\"ReadAction\",\"target\":[\"https:\/\/www.csj-emballages.com\/pt-pt\/produit\/250-rodelas-brancas-recortadas-o29-cm\/\"]}]},{\"@type\":\"ImageObject\",\"inLanguage\":\"pt-PT\",\"@id\":\"https:\/\/www.csj-emballages.com\/pt-pt\/produit\/250-rodelas-brancas-recortadas-o29-cm\/#primaryimage\",\"url\":\"https:\/\/www.csj-emballages.com\/wp-content\/uploads\/2024\/03\/RF.webp\",\"contentUrl\":\"https:\/\/www.csj-emballages.com\/wp-content\/uploads\/2024\/03\/RF.webp\",\"width\":800,\"height\":800,\"caption\":\"Rond blanc festonn\u00e9\"},{\"@type\":\"BreadcrumbList\",\"@id\":\"https:\/\/www.csj-emballages.com\/pt-pt\/produit\/250-rodelas-brancas-recortadas-o29-cm\/#breadcrumb\",\"itemListElement\":[{\"@type\":\"ListItem\",\"position\":1,\"name\":\"Acolhimento\",\"item\":\"https:\/\/www.csj-emballages.com\/pt-pt\/universo-das-embalagens-alimentares\/\"},{\"@type\":\"ListItem\",\"position\":2,\"name\":\"Shop\",\"item\":\"https:\/\/www.csj-emballages.com\/shop\/\"},{\"@type\":\"ListItem\",\"position\":3,\"name\":\"Redonda branca recortada \u00f829 cm por 250\"}]},{\"@type\":\"WebSite\",\"@id\":\"https:\/\/www.csj-emballages.com\/pt-pt\/#website\",\"url\":\"https:\/\/www.csj-emballages.com\/pt-pt\/\",\"name\":\"CSJ Emballages\",\"description\":\"\",\"publisher\":{\"@id\":\"https:\/\/www.csj-emballages.com\/pt-pt\/#organization\"},\"potentialAction\":[{\"@type\":\"SearchAction\",\"target\":{\"@type\":\"EntryPoint\",\"urlTemplate\":\"https:\/\/www.csj-emballages.com\/pt-pt\/?s={search_term_string}\"},\"query-input\":{\"@type\":\"PropertyValueSpecification\",\"valueRequired\":true,\"valueName\":\"search_term_string\"}}],\"inLanguage\":\"pt-PT\"},{\"@type\":\"Organization\",\"@id\":\"https:\/\/www.csj-emballages.com\/pt-pt\/#Organization\/\",\"name\":\"CSJ Emballages\",\"url\":\"https:\/\/www.csj-emballages.com\/pt-pt\/\",\"logo\":{\"@type\":\"ImageObject\",\"inLanguage\":\"pt-PT\",\"@id\":\"https:\/\/www.csj-emballages.com\/pt-pt\/#\/schema\/logo\/image\/\",\"url\":\"https:\/\/www.csj-emballages.com\/wp-content\/uploads\/2023\/10\/logo_csj.webp\",\"contentUrl\":\"https:\/\/www.csj-emballages.com\/wp-content\/uploads\/2023\/10\/logo_csj.webp\",\"width\":250,\"height\":95,\"caption\":\"CSJ Emballages\"},\"image\":{\"@id\":\"https:\/\/www.csj-emballages.com\/pt-pt\/#\/schema\/logo\/image\/\"},\"sameAs\":[\"https:\/\/www.facebook.com\/csjemballages\"],\"address\":{\"@type\":\"PostalAddress\",\"streetAddress\":\"ZI La Lechere\",\"addressLocality\":\"Patornay\",\"postalCode\":\"39130\",\"addressCountry\":\"FR\"},\"contactPoint\":[{\"@type\":\"ContactPoint\",\"contactType\":\"Service client\",\"telephone\":\"0384254272\",\"email\":\"contact@csj-emballages.com\"}]}]}<\/script>\n<!-- \/ Yoast SEO Premium plugin. -->","yoast_head_json":{"title":"Redonda branca recortada \u00f829 cm por 250","description":"Melhore as suas apresenta\u00e7\u00f5es com a forma redonda branca recortada de \u00f829 cm por 250 unidades: elegante, pr\u00e1tica e resistente, ideal para os profissionais de restaura\u00e7\u00e3o e pastelaria.","robots":{"index":"index","follow":"follow","max-snippet":"max-snippet:-1","max-image-preview":"max-image-preview:large","max-video-preview":"max-video-preview:-1"},"canonical":"https:\/\/www.csj-emballages.com\/pt-pt\/produit\/250-rodelas-brancas-recortadas-o29-cm\/","og_locale":"pt_PT","og_type":"article","og_title":"Redonda branca recortada \u00f829 cm por 250","og_description":"Melhore as suas apresenta\u00e7\u00f5es com a forma redonda branca recortada de \u00f829 cm por 250 unidades: elegante, pr\u00e1tica e resistente, ideal para os profissionais de restaura\u00e7\u00e3o e pastelaria.","og_url":"https:\/\/www.csj-emballages.com\/pt-pt\/produit\/250-rodelas-brancas-recortadas-o29-cm\/","og_site_name":"CSJ Emballages","article_publisher":"https:\/\/www.facebook.com\/csjemballages","article_modified_time":"2026-04-24T00:15:59+00:00","og_image":[{"width":800,"height":800,"url":"https:\/\/www.csj-emballages.com\/wp-content\/uploads\/2024\/03\/RF.webp","type":"image\/webp"}],"twitter_card":"summary_large_image","twitter_misc":{"Tempo estimado de leitura":"2 minutos"},"schema":{"@context":"https:\/\/schema.org","@graph":[{"@type":"WebPage","@id":"https:\/\/www.csj-emballages.com\/pt-pt\/produit\/250-rodelas-brancas-recortadas-o29-cm\/","url":"https:\/\/www.csj-emballages.com\/pt-pt\/produit\/250-rodelas-brancas-recortadas-o29-cm\/","name":"Redonda branca recortada \u00f829 cm por 250","isPartOf":{"@id":"https:\/\/www.csj-emballages.com\/pt-pt\/#website"},"primaryImageOfPage":{"@id":"https:\/\/www.csj-emballages.com\/pt-pt\/produit\/250-rodelas-brancas-recortadas-o29-cm\/#primaryimage"},"image":{"@id":"https:\/\/www.csj-emballages.com\/pt-pt\/produit\/250-rodelas-brancas-recortadas-o29-cm\/#primaryimage"},"thumbnailUrl":"https:\/\/www.csj-emballages.com\/wp-content\/uploads\/2024\/03\/RF.webp","datePublished":"2024-03-01T15:50:16+00:00","dateModified":"2026-04-24T00:15:59+00:00","description":"Melhore as suas apresenta\u00e7\u00f5es com a forma redonda branca recortada de \u00f829 cm por 250 unidades: elegante, pr\u00e1tica e resistente, ideal para os profissionais de restaura\u00e7\u00e3o e pastelaria.","breadcrumb":{"@id":"https:\/\/www.csj-emballages.com\/pt-pt\/produit\/250-rodelas-brancas-recortadas-o29-cm\/#breadcrumb"},"inLanguage":"pt-PT","potentialAction":[{"@type":"ReadAction","target":["https:\/\/www.csj-emballages.com\/pt-pt\/produit\/250-rodelas-brancas-recortadas-o29-cm\/"]}]},{"@type":"ImageObject","inLanguage":"pt-PT","@id":"https:\/\/www.csj-emballages.com\/pt-pt\/produit\/250-rodelas-brancas-recortadas-o29-cm\/#primaryimage","url":"https:\/\/www.csj-emballages.com\/wp-content\/uploads\/2024\/03\/RF.webp","contentUrl":"https:\/\/www.csj-emballages.com\/wp-content\/uploads\/2024\/03\/RF.webp","width":800,"height":800,"caption":"Rond blanc festonn\u00e9"},{"@type":"BreadcrumbList","@id":"https:\/\/www.csj-emballages.com\/pt-pt\/produit\/250-rodelas-brancas-recortadas-o29-cm\/#breadcrumb","itemListElement":[{"@type":"ListItem","position":1,"name":"Acolhimento","item":"https:\/\/www.csj-emballages.com\/pt-pt\/universo-das-embalagens-alimentares\/"},{"@type":"ListItem","position":2,"name":"Shop","item":"https:\/\/www.csj-emballages.com\/shop\/"},{"@type":"ListItem","position":3,"name":"Redonda branca recortada \u00f829 cm por 250"}]},{"@type":"WebSite","@id":"https:\/\/www.csj-emballages.com\/pt-pt\/#website","url":"https:\/\/www.csj-emballages.com\/pt-pt\/","name":"CSJ Emballages","description":"","publisher":{"@id":"https:\/\/www.csj-emballages.com\/pt-pt\/#organization"},"potentialAction":[{"@type":"SearchAction","target":{"@type":"EntryPoint","urlTemplate":"https:\/\/www.csj-emballages.com\/pt-pt\/?s={search_term_string}"},"query-input":{"@type":"PropertyValueSpecification","valueRequired":true,"valueName":"search_term_string"}}],"inLanguage":"pt-PT"},{"@type":"Organization","@id":"https:\/\/www.csj-emballages.com\/pt-pt\/#Organization\/","name":"CSJ Emballages","url":"https:\/\/www.csj-emballages.com\/pt-pt\/","logo":{"@type":"ImageObject","inLanguage":"pt-PT","@id":"https:\/\/www.csj-emballages.com\/pt-pt\/#\/schema\/logo\/image\/","url":"https:\/\/www.csj-emballages.com\/wp-content\/uploads\/2023\/10\/logo_csj.webp","contentUrl":"https:\/\/www.csj-emballages.com\/wp-content\/uploads\/2023\/10\/logo_csj.webp","width":250,"height":95,"caption":"CSJ Emballages"},"image":{"@id":"https:\/\/www.csj-emballages.com\/pt-pt\/#\/schema\/logo\/image\/"},"sameAs":["https:\/\/www.facebook.com\/csjemballages"],"address":{"@type":"PostalAddress","streetAddress":"ZI La Lechere","addressLocality":"Patornay","postalCode":"39130","addressCountry":"FR"},"contactPoint":[{"@type":"ContactPoint","contactType":"Service client","telephone":"0384254272","email":"contact@csj-emballages.com"}]}]}},"df_price":29.18,"df_sale_price":"","df_regular_price":29.18,"df_image_link":"https:\/\/www.csj-emballages.com\/wp-content\/uploads\/2024\/03\/RF-300x300.webp","tiered_pricing_type":"fixed","tiered_pricing_fixed_rules":[],"tiered_pricing_percentage_rules":[],"tiered_pricing_minimum":1,"tiered_pricing_roles_data":[],"_links":{"self":[{"href":"https:\/\/www.csj-emballages.com\/pt-pt\/wp-json\/wp\/v2\/product\/22889","targetHints":{"allow":["GET"]}}],"collection":[{"href":"https:\/\/www.csj-emballages.com\/pt-pt\/wp-json\/wp\/v2\/product"}],"about":[{"href":"https:\/\/www.csj-emballages.com\/pt-pt\/wp-json\/wp\/v2\/types\/product"}],"wp:featuredmedia":[{"embeddable":true,"href":"https:\/\/www.csj-emballages.com\/pt-pt\/wp-json\/wp\/v2\/media\/241319"}],"wp:attachment":[{"href":"https:\/\/www.csj-emballages.com\/pt-pt\/wp-json\/wp\/v2\/media?parent=22889"}],"wp:term":[{"taxonomy":"product_brand","embeddable":true,"href":"https:\/\/www.csj-emballages.com\/pt-pt\/wp-json\/wp\/v2\/product_brand?post=22889"},{"taxonomy":"product_cat","embeddable":true,"href":"https:\/\/www.csj-emballages.com\/pt-pt\/wp-json\/wp\/v2\/product_cat?post=22889"},{"taxonomy":"product_tag","embeddable":true,"href":"https:\/\/www.csj-emballages.com\/pt-pt\/wp-json\/wp\/v2\/product_tag?post=22889"}],"curies":[{"name":"wp","href":"https:\/\/api.w.org\/{rel}","templated":true}]}}