{"id":126176,"date":"2024-09-13T02:18:15","date_gmt":"2024-09-13T00:18:15","guid":{"rendered":"https:\/\/www.csj-emballages.com\/?post_type=product&#038;p=126176"},"modified":"2026-04-28T09:02:25","modified_gmt":"2026-04-28T07:02:25","slug":"100-sacos-de-vacuo-pretos-lisos-15-x-20-cm-90-%c2%b5","status":"publish","type":"product","link":"https:\/\/www.csj-emballages.com\/pt-pt\/produit\/100-sacos-de-vacuo-pretos-lisos-15-x-20-cm-90-%c2%b5\/","title":{"rendered":"Sacos de v\u00e1cuo lisos pretos 15 x 20 cm 90 \u00b5 por 100"},"content":{"rendered":"<div style=\"box-sizing: inherit; font-family: Roboto, sans-serif;\">\n<div style=\"box-sizing: inherit; font-family: Roboto, sans-serif;\">\n<div style=\"box-sizing: inherit; font-family: Roboto, sans-serif;\">\n<div style=\"box-sizing: inherit; font-family: Roboto, sans-serif;\">\n<div style=\"box-sizing: inherit; font-family: Roboto, sans-serif;\">\n<div style=\"box-sizing: inherit; font-family: Roboto, sans-serif;\">\n<div style=\"box-sizing: inherit; font-family: Roboto, sans-serif;\">\n<div style=\"box-sizing: inherit; font-family: Roboto, sans-serif;\">\n<div style=\"box-sizing: inherit; font-family: Roboto, sans-serif;\">\n<div style=\"box-sizing: inherit; font-family: Roboto, sans-serif;\">\n<div style=\"box-sizing: inherit; font-family: Roboto, sans-serif;\">\n<div style=\"box-sizing: inherit; font-family: Roboto, sans-serif;\">\n<div style=\"box-sizing: inherit; font-family: Roboto, sans-serif;\">\n<div class=\"flex flex-grow flex-col max-w-full\">\n<div class=\"min-h-[20px] text-message flex flex-col items-start whitespace-pre-wrap break-words [.text-message+&amp;]:mt-5 juice:w-full juice:items-end overflow-x-auto gap-2\" dir=\"auto\" data-message-author-role=\"assistant\" data-message-id=\"2034782e-88f9-44ef-b4dc-07dd7bf0115f\">\n<div class=\"flex w-full flex-col gap-1 juice:empty:hidden juice:first:pt-[3px]\">\n<div class=\"markdown prose w-full break-words dark:prose-invert light\">\n<div style=\"box-sizing: inherit; font-family: Roboto, sans-serif;\">\n<div style=\"box-sizing: inherit; font-family: Roboto, sans-serif;\">\n<div style=\"box-sizing: inherit; font-family: Roboto, sans-serif;\">\n<div style=\"box-sizing: inherit; font-family: Roboto, sans-serif;\">\n<div style=\"box-sizing: inherit; font-family: Roboto, sans-serif;\">\n<div style=\"box-sizing: inherit; font-family: Roboto, sans-serif;\">\n<h2>Sacos de v\u00e1cuo<\/h2>\n<div style=\"box-sizing: inherit; font-family: Roboto, sans-serif;\">\n<div style=\"box-sizing: inherit; font-family: Roboto, sans-serif;\">\n<div style=\"box-sizing: inherit; font-family: Roboto, sans-serif;\">\n<div style=\"text-align: center;\">\n<div style=\"box-sizing: inherit; font-family: Roboto, sans-serif;\">\n<div style=\"box-sizing: inherit; font-family: Roboto, sans-serif;\">\n<div style=\"box-sizing: inherit; font-family: Roboto, sans-serif;\">\n<div style=\"box-sizing: inherit; font-family: Roboto, sans-serif;\">\n<div style=\"box-sizing: inherit; font-family: Roboto, sans-serif;\">\n<div style=\"box-sizing: inherit; font-family: Roboto, sans-serif; text-align: left;\">\n<hr>\n<h3 style=\"text-align: left;\">Descri\u00e7\u00e3o dos sacos de v\u00e1cuo pretos lisos 15 x 20 cm 90 \u00b5<!--more--><\/h3>\n<\/div>\n<\/div>\n<\/div>\n<\/div>\n<\/div>\n<\/div>\n<\/div>\n<\/div>\n<\/div>\n<\/div>\n<\/div>\n<\/div>\n<\/div>\n<\/div>\n<\/div>\n<\/div>\n<\/div>\n<\/div>\n<\/div>\n<\/div>\n<\/div>\n<\/div>\n<\/div>\n<\/div>\n<\/div>\n<\/div>\n<\/div>\n<\/div>\n<\/div>\n<\/div>\n<\/div>\n<\/div>\n<\/div>\n<p><strong>Os sacos embalados em v\u00e1cuo<\/strong> s\u00e3o a solu\u00e7\u00e3o ideal para conservar os seus alimentos e o seu prazo de validade. O seu design em pl\u00e1stico <strong>preto<\/strong> <strong>liso<\/strong>, com uma espessura de <strong>90 microns<\/strong>, oferece uma prote\u00e7\u00e3o \u00f3ptima contra o ar, a humidade e os contaminantes externos, garantindo que os seus produtos conservam as suas qualidades nutricionais e de sabor durante mais tempo. <\/p>\n<p><strong>Os sacos para alimentos embalados em v\u00e1cuo<\/strong> s\u00e3o particularmente \u00fateis nas cozinhas profissionais. Gra\u00e7as \u00e0 sua robustez e textura <strong>suave<\/strong>, s\u00e3o compat\u00edveis com <strong><span style=\"color: #ff0000;\">m\u00e1quinas cobertas<\/span><\/strong>. Al\u00e9m disso, o seu design preto confere-lhes um toque elegante.  <\/p>\n<p>&nbsp;<\/p>\n<p><!--more--><\/p>\n<div style=\"box-sizing: inherit; font-family: Roboto, sans-serif;\">\n<div style=\"box-sizing: inherit; font-family: Roboto, sans-serif;\">\n<div style=\"box-sizing: inherit; font-family: Roboto, sans-serif;\">\n<div style=\"box-sizing: inherit; font-family: Roboto, sans-serif;\">\n<div style=\"box-sizing: inherit; font-family: Roboto, sans-serif;\">\n<div style=\"box-sizing: inherit; font-family: Roboto, sans-serif;\">\n<div style=\"box-sizing: inherit; font-family: Roboto, sans-serif;\">\n<div style=\"box-sizing: inherit; font-family: Roboto, sans-serif;\">\n<div style=\"box-sizing: inherit; font-family: Roboto, sans-serif;\">\n<div style=\"box-sizing: inherit; font-family: Roboto, sans-serif;\">\n<div style=\"box-sizing: inherit; font-family: Roboto, sans-serif;\">\n<div style=\"box-sizing: inherit; font-family: Roboto, sans-serif;\">\n<div style=\"box-sizing: inherit; font-family: Roboto, sans-serif;\">\n<div class=\"flex flex-grow flex-col max-w-full\">\n<div class=\"min-h-[20px] text-message flex flex-col items-start whitespace-pre-wrap break-words [.text-message+&amp;]:mt-5 juice:w-full juice:items-end overflow-x-auto gap-2\" dir=\"auto\" data-message-author-role=\"assistant\" data-message-id=\"2034782e-88f9-44ef-b4dc-07dd7bf0115f\">\n<div class=\"flex w-full flex-col gap-1 juice:empty:hidden juice:first:pt-[3px]\">\n<div class=\"markdown prose w-full break-words dark:prose-invert light\">\n<div style=\"box-sizing: inherit; font-family: Roboto, sans-serif;\">\n<div style=\"box-sizing: inherit; font-family: Roboto, sans-serif;\">\n<div style=\"box-sizing: inherit; font-family: Roboto, sans-serif;\">\n<div style=\"box-sizing: inherit; font-family: Roboto, sans-serif;\">\n<div style=\"box-sizing: inherit; font-family: Roboto, sans-serif;\">\n<div style=\"box-sizing: inherit; font-family: Roboto, sans-serif;\">\n<p><strong>Os sacos de v\u00e1cuo<\/strong> pretos oferecem tamb\u00e9m uma vantagem est\u00e9tica significativa. A sua cor escura faz com que se destaquem dos outros tipos de sacos de v\u00e1cuo existentes no mercado. Quer se trate de um profissional da restaura\u00e7\u00e3o ou de um particular, estes sacos s\u00e3o uma escolha vers\u00e1til e duradoura para a conserva\u00e7\u00e3o de alimentos.  <\/p>\n<p>Por \u00faltimo, mas n\u00e3o menos importante, s\u00e3o vendidos em embalagens de 100 unidades e s\u00e3o tamb\u00e9m amigos do ambiente, uma vez que ajudam a reduzir o desperd\u00edcio alimentar. Ao otimizar o prazo de validade dos seus produtos, est\u00e1 a reduzir o desperd\u00edcio. <\/p>\n<p>Em conclus\u00e3o, <strong>os sacos de v\u00e1cuo pretos lisos<\/strong> s\u00e3o uma escolha pr\u00e1tica, eficaz e est\u00e9tica.<\/p>\n<p>&nbsp;<\/p>\n<p><!--more--><\/p>\n<h4 style=\"text-align: left;\"><strong>As vantagens dos sacos de v\u00e1cuo pretos lisos :<\/strong><\/h4>\n<ul style=\"text-align: left;\">\n<li>Prolongamento do <strong>prazo de validade<\/strong>: <strong>Os sacos de v\u00e1cuo<\/strong> eliminam o ar e abrandam a oxida\u00e7\u00e3o, pelo que os alimentos se conservam durante mais tempo.<\/li>\n<li><strong>Redu\u00e7\u00e3o do desperd\u00edcio<\/strong>: Ao prolongar o prazo de validade dos produtos, estes <strong>sacos para alimentos selados em v\u00e1cuo<\/strong> ajudam a minimizar o desperd\u00edcio.<\/li>\n<li><strong>Est\u00e9tica<\/strong>: A sua superf\u00edcie frontal transparente torna o produto vis\u00edvel, enquanto a outra superf\u00edcie preta lhe confere um aspeto mais atraente.<\/li>\n<\/ul>\n<\/div>\n<\/div>\n<\/div>\n<\/div>\n<\/div>\n<\/div>\n<\/div>\n<\/div>\n<\/div>\n<\/div>\n<\/div>\n<\/div>\n<p>&nbsp;<\/p>\n<\/div>\n<\/div>\n<\/div>\n<\/div>\n<\/div>\n<\/div>\n<\/div>\n<\/div>\n<\/div>\n<\/div>\n<\/div>\n<p><!--more--><\/p>\n<h4>Outras informa\u00e7\u00f5es :<\/h4>\n<ul style=\"box-sizing: inherit; font-family: Roboto, sans-serif;\">\n<li><strong>Embalagem<\/strong>: Pacote de 100<\/li>\n<li><b>Compatibilidade: <\/b>Adequado apenas para m\u00e1quinas cloche<\/li>\n<li><span style=\"font-weight: bold;\">Tamanho<\/span>: 15 x 20 cm<\/li>\n<li><strong>Material<\/strong>: PA\/PE (20\/70)<\/li>\n<li><strong>Sel\u00e1vel a quente<\/strong>: Sim<\/li>\n<li><strong>Retr\u00e1ctil<\/strong>: N\u00e3o<\/li>\n<li><strong>Soldadura<\/strong>: 3 lados \/ abertura a toda a largura<\/li>\n<li>Sacos sem BPA (Bisfenol A)<\/li>\n<li><strong>Temperatura de utiliza\u00e7\u00e3o<\/strong>: -50\u00b0C \/ +70\u00b0C<\/li>\n<\/ul>\n<p>&nbsp;<\/p>\n<p><!--more--><\/p>\n<p>Este produto est\u00e1 dispon\u00edvel em v\u00e1rios tamanhos: <span style=\"color: #d12727;\"><a style=\"color: #d12727;\" href=\"https:\/\/www.csj-emballages.com\/pt-pt\/produit\/100-sacos-de-vacuo-pretos-lisos-15-x-30-cm-90-%c2%b5\/\">15 x 30 cm<\/a><\/span> \/ <span style=\"color: #d12727;\"><a style=\"color: #d12727;\" href=\"https:\/\/www.csj-emballages.com\/pt-pt\/produit\/100-sacos-de-vacuo-pretos-lisos-20-x-20-cm-90-%c2%b5\/\">20 x 20 cm<\/a><\/span> \/ <span style=\"color: #d12727;\"><a style=\"color: #d12727;\" href=\"https:\/\/www.csj-emballages.com\/pt-pt\/produit\/100-sacos-de-vacuo-pretos-lisos-20-x-25-cm-90-%c2%b5\/\">20 x 25 cm<\/a><\/span> \/ <span style=\"color: #d12727;\"><a style=\"color: #d12727;\" href=\"https:\/\/www.csj-emballages.com\/pt-pt\/produit\/100-sacos-de-vacuo-pretos-lisos-20-x-30-cm-90-%c2%b5\/\">20 x 30 cm<\/a><\/span> \/ <span style=\"color: #d12727;\"><a style=\"color: #d12727;\" href=\"https:\/\/www.csj-emballages.com\/pt-pt\/produit\/100-sacos-de-vacuo-pretos-lisos-25-x-35-cm-90-%c2%b5\/\">25 x 35 cm<\/a><\/span> \/ <span style=\"color: #d12727;\"><a style=\"color: #d12727;\" href=\"https:\/\/www.csj-emballages.com\/pt-pt\/produit\/saco-de-vacuo-preto-liso-30-x-40-cm-90-%c2%b5-por-100\/\">30 x 40 cm<\/a><\/span> \/ <span style=\"color: #d12727;\"><a style=\"color: #d12727;\" href=\"https:\/\/www.csj-emballages.com\/pt-pt\/produit\/saco-de-vacuo-liso-preto-35-x-45-cm-90-%c2%b5-por-100\/\">35 x 45 cm<\/a><\/span><\/p>\n<p>&nbsp;<\/p>\n<p style=\"text-align: left;\"><!--more--><\/p>\n<p><a href=\"https:\/\/www.csj-emballages.com\/pt-pt\/categorie-produit\/embalagem-de-alimentos\/talho-e-charcutaria\/sacos-e-bolsas\/sacos-de-vacuo\/sacos-de-vacuo-pretos-lisos\/\">V\u00ea o resto da nossa gama de sacos de v\u00e1cuo pretos lisos<\/a><\/p>\n","protected":false},"excerpt":{"rendered":"<p>Sacos de v\u00e1cuo Descri\u00e7\u00e3o dos sacos de v\u00e1cuo pretos lisos 15 x 20 cm 90 \u00b5<\/p>\n","protected":false},"featured_media":143699,"template":"","meta":{"_acf_changed":false},"product_brand":[],"product_cat":[1141,1176,3914,1240,1619],"product_tag":[],"class_list":{"0":"post-126176","1":"product","2":"type-product","3":"status-publish","4":"has-post-thumbnail","6":"product_cat-embalagem-de-alimentos","7":"product_cat-talho-e-charcutaria","8":"product_cat-sacos-e-bolsas","9":"product_cat-sacos-de-vacuo","10":"product_cat-sacos-de-vacuo-pretos-lisos","12":"first","13":"instock","14":"taxable","15":"shipping-taxable","16":"purchasable","17":"product-type-simple"},"acf":[],"yoast_head":"<!-- This site is optimized with the Yoast SEO Premium plugin v26.6 (Yoast SEO v26.6) - https:\/\/yoast.com\/wordpress\/plugins\/seo\/ -->\n<title>Sacos de v\u00e1cuo pretos lisos 20x25cm - 90\u00b5<\/title>\n<meta name=\"description\" content=\"Sacos de v\u00e1cuo pretos lisos 15 x 20 cm 90 \u00b5, em embalagens de 100, ideais para prolongar a frescura dos alimentos e reduzir o desperd\u00edcio.\" \/>\n<meta name=\"robots\" content=\"index, follow, max-snippet:-1, max-image-preview:large, max-video-preview:-1\" \/>\n<link rel=\"canonical\" href=\"https:\/\/www.csj-emballages.com\/pt-pt\/produit\/100-sacos-de-vacuo-pretos-lisos-15-x-20-cm-90-%c2%b5\/\" \/>\n<meta property=\"og:locale\" content=\"pt_PT\" \/>\n<meta property=\"og:type\" content=\"article\" \/>\n<meta property=\"og:title\" content=\"Sacos de v\u00e1cuo pretos lisos 20x25cm - 90\u00b5\" \/>\n<meta property=\"og:description\" content=\"Sacos de v\u00e1cuo pretos lisos 15 x 20 cm 90 \u00b5, em embalagens de 100, ideais para prolongar a frescura dos alimentos e reduzir o desperd\u00edcio.\" \/>\n<meta property=\"og:url\" content=\"https:\/\/www.csj-emballages.com\/pt-pt\/produit\/100-sacos-de-vacuo-pretos-lisos-15-x-20-cm-90-%c2%b5\/\" \/>\n<meta property=\"og:site_name\" content=\"CSJ Emballages\" \/>\n<meta property=\"article:publisher\" content=\"https:\/\/www.facebook.com\/csjemballages\" \/>\n<meta property=\"article:modified_time\" content=\"2026-04-28T07:02:25+00:00\" \/>\n<meta property=\"og:image\" content=\"https:\/\/www.csj-emballages.com\/wp-content\/uploads\/2024\/09\/Capture-decran-2023-10-18-a-15.22.34-e1729753404341.png\" \/>\n\t<meta property=\"og:image:width\" content=\"605\" \/>\n\t<meta property=\"og:image:height\" content=\"654\" \/>\n\t<meta property=\"og:image:type\" content=\"image\/png\" \/>\n<meta name=\"twitter:card\" content=\"summary_large_image\" \/>\n<meta name=\"twitter:title\" content=\"Sacos de v\u00e1cuo pretos lisos 20x25cm - 90\u00b5\" \/>\n<meta name=\"twitter:description\" content=\"Sacos de v\u00e1cuo pretos lisos 15 x 20 cm 90 \u00b5, em embalagens de 100, ideais para prolongar a frescura dos alimentos e reduzir o desperd\u00edcio.\" \/>\n<meta name=\"twitter:label1\" content=\"Tempo estimado de leitura\" \/>\n\t<meta name=\"twitter:data1\" content=\"2 minutos\" \/>\n<script type=\"application\/ld+json\" class=\"yoast-schema-graph\">{\"@context\":\"https:\/\/schema.org\",\"@graph\":[{\"@type\":\"WebPage\",\"@id\":\"https:\/\/www.csj-emballages.com\/pt-pt\/produit\/100-sacos-de-vacuo-pretos-lisos-15-x-20-cm-90-%c2%b5\/\",\"url\":\"https:\/\/www.csj-emballages.com\/pt-pt\/produit\/100-sacos-de-vacuo-pretos-lisos-15-x-20-cm-90-%c2%b5\/\",\"name\":\"Sacos de v\u00e1cuo pretos lisos 20x25cm - 90\u00b5\",\"isPartOf\":{\"@id\":\"https:\/\/www.csj-emballages.com\/pt-pt\/#website\"},\"primaryImageOfPage\":{\"@id\":\"https:\/\/www.csj-emballages.com\/pt-pt\/produit\/100-sacos-de-vacuo-pretos-lisos-15-x-20-cm-90-%c2%b5\/#primaryimage\"},\"image\":{\"@id\":\"https:\/\/www.csj-emballages.com\/pt-pt\/produit\/100-sacos-de-vacuo-pretos-lisos-15-x-20-cm-90-%c2%b5\/#primaryimage\"},\"thumbnailUrl\":\"https:\/\/www.csj-emballages.com\/wp-content\/uploads\/2024\/09\/Capture-decran-2023-10-18-a-15.22.34-e1729753404341.png\",\"datePublished\":\"2024-09-13T00:18:15+00:00\",\"dateModified\":\"2026-04-28T07:02:25+00:00\",\"description\":\"Sacos de v\u00e1cuo pretos lisos 15 x 20 cm 90 \u00b5, em embalagens de 100, ideais para prolongar a frescura dos alimentos e reduzir o desperd\u00edcio.\",\"breadcrumb\":{\"@id\":\"https:\/\/www.csj-emballages.com\/pt-pt\/produit\/100-sacos-de-vacuo-pretos-lisos-15-x-20-cm-90-%c2%b5\/#breadcrumb\"},\"inLanguage\":\"pt-PT\",\"potentialAction\":[{\"@type\":\"ReadAction\",\"target\":[\"https:\/\/www.csj-emballages.com\/pt-pt\/produit\/100-sacos-de-vacuo-pretos-lisos-15-x-20-cm-90-%c2%b5\/\"]}]},{\"@type\":\"ImageObject\",\"inLanguage\":\"pt-PT\",\"@id\":\"https:\/\/www.csj-emballages.com\/pt-pt\/produit\/100-sacos-de-vacuo-pretos-lisos-15-x-20-cm-90-%c2%b5\/#primaryimage\",\"url\":\"https:\/\/www.csj-emballages.com\/wp-content\/uploads\/2024\/09\/Capture-decran-2023-10-18-a-15.22.34-e1729753404341.png\",\"contentUrl\":\"https:\/\/www.csj-emballages.com\/wp-content\/uploads\/2024\/09\/Capture-decran-2023-10-18-a-15.22.34-e1729753404341.png\",\"width\":605,\"height\":654,\"caption\":\"sacs sous vide\"},{\"@type\":\"BreadcrumbList\",\"@id\":\"https:\/\/www.csj-emballages.com\/pt-pt\/produit\/100-sacos-de-vacuo-pretos-lisos-15-x-20-cm-90-%c2%b5\/#breadcrumb\",\"itemListElement\":[{\"@type\":\"ListItem\",\"position\":1,\"name\":\"Acolhimento\",\"item\":\"https:\/\/www.csj-emballages.com\/pt-pt\/universo-das-embalagens-alimentares\/\"},{\"@type\":\"ListItem\",\"position\":2,\"name\":\"Shop\",\"item\":\"https:\/\/www.csj-emballages.com\/shop\/\"},{\"@type\":\"ListItem\",\"position\":3,\"name\":\"Sacos de v\u00e1cuo lisos pretos 15 x 20 cm 90 \u00b5 por 100\"}]},{\"@type\":\"WebSite\",\"@id\":\"https:\/\/www.csj-emballages.com\/pt-pt\/#website\",\"url\":\"https:\/\/www.csj-emballages.com\/pt-pt\/\",\"name\":\"CSJ Emballages\",\"description\":\"\",\"publisher\":{\"@id\":\"https:\/\/www.csj-emballages.com\/pt-pt\/#organization\"},\"potentialAction\":[{\"@type\":\"SearchAction\",\"target\":{\"@type\":\"EntryPoint\",\"urlTemplate\":\"https:\/\/www.csj-emballages.com\/pt-pt\/?s={search_term_string}\"},\"query-input\":{\"@type\":\"PropertyValueSpecification\",\"valueRequired\":true,\"valueName\":\"search_term_string\"}}],\"inLanguage\":\"pt-PT\"},{\"@type\":\"Organization\",\"@id\":\"https:\/\/www.csj-emballages.com\/pt-pt\/#Organization\/\",\"name\":\"CSJ Emballages\",\"url\":\"https:\/\/www.csj-emballages.com\/pt-pt\/\",\"logo\":{\"@type\":\"ImageObject\",\"inLanguage\":\"pt-PT\",\"@id\":\"https:\/\/www.csj-emballages.com\/pt-pt\/#\/schema\/logo\/image\/\",\"url\":\"https:\/\/www.csj-emballages.com\/wp-content\/uploads\/2023\/10\/logo_csj.webp\",\"contentUrl\":\"https:\/\/www.csj-emballages.com\/wp-content\/uploads\/2023\/10\/logo_csj.webp\",\"width\":250,\"height\":95,\"caption\":\"CSJ Emballages\"},\"image\":{\"@id\":\"https:\/\/www.csj-emballages.com\/pt-pt\/#\/schema\/logo\/image\/\"},\"sameAs\":[\"https:\/\/www.facebook.com\/csjemballages\"],\"address\":{\"@type\":\"PostalAddress\",\"streetAddress\":\"ZI La Lechere\",\"addressLocality\":\"Patornay\",\"postalCode\":\"39130\",\"addressCountry\":\"FR\"},\"contactPoint\":[{\"@type\":\"ContactPoint\",\"contactType\":\"Service client\",\"telephone\":\"0384254272\",\"email\":\"contact@csj-emballages.com\"}]}]}<\/script>\n<!-- \/ Yoast SEO Premium plugin. -->","yoast_head_json":{"title":"Sacos de v\u00e1cuo pretos lisos 20x25cm - 90\u00b5","description":"Sacos de v\u00e1cuo pretos lisos 15 x 20 cm 90 \u00b5, em embalagens de 100, ideais para prolongar a frescura dos alimentos e reduzir o desperd\u00edcio.","robots":{"index":"index","follow":"follow","max-snippet":"max-snippet:-1","max-image-preview":"max-image-preview:large","max-video-preview":"max-video-preview:-1"},"canonical":"https:\/\/www.csj-emballages.com\/pt-pt\/produit\/100-sacos-de-vacuo-pretos-lisos-15-x-20-cm-90-%c2%b5\/","og_locale":"pt_PT","og_type":"article","og_title":"Sacos de v\u00e1cuo pretos lisos 20x25cm - 90\u00b5","og_description":"Sacos de v\u00e1cuo pretos lisos 15 x 20 cm 90 \u00b5, em embalagens de 100, ideais para prolongar a frescura dos alimentos e reduzir o desperd\u00edcio.","og_url":"https:\/\/www.csj-emballages.com\/pt-pt\/produit\/100-sacos-de-vacuo-pretos-lisos-15-x-20-cm-90-%c2%b5\/","og_site_name":"CSJ Emballages","article_publisher":"https:\/\/www.facebook.com\/csjemballages","article_modified_time":"2026-04-28T07:02:25+00:00","og_image":[{"width":605,"height":654,"url":"https:\/\/www.csj-emballages.com\/wp-content\/uploads\/2024\/09\/Capture-decran-2023-10-18-a-15.22.34-e1729753404341.png","type":"image\/png"}],"twitter_card":"summary_large_image","twitter_title":"Sacos de v\u00e1cuo pretos lisos 20x25cm - 90\u00b5","twitter_description":"Sacos de v\u00e1cuo pretos lisos 15 x 20 cm 90 \u00b5, em embalagens de 100, ideais para prolongar a frescura dos alimentos e reduzir o desperd\u00edcio.","twitter_misc":{"Tempo estimado de leitura":"2 minutos"},"schema":{"@context":"https:\/\/schema.org","@graph":[{"@type":"WebPage","@id":"https:\/\/www.csj-emballages.com\/pt-pt\/produit\/100-sacos-de-vacuo-pretos-lisos-15-x-20-cm-90-%c2%b5\/","url":"https:\/\/www.csj-emballages.com\/pt-pt\/produit\/100-sacos-de-vacuo-pretos-lisos-15-x-20-cm-90-%c2%b5\/","name":"Sacos de v\u00e1cuo pretos lisos 20x25cm - 90\u00b5","isPartOf":{"@id":"https:\/\/www.csj-emballages.com\/pt-pt\/#website"},"primaryImageOfPage":{"@id":"https:\/\/www.csj-emballages.com\/pt-pt\/produit\/100-sacos-de-vacuo-pretos-lisos-15-x-20-cm-90-%c2%b5\/#primaryimage"},"image":{"@id":"https:\/\/www.csj-emballages.com\/pt-pt\/produit\/100-sacos-de-vacuo-pretos-lisos-15-x-20-cm-90-%c2%b5\/#primaryimage"},"thumbnailUrl":"https:\/\/www.csj-emballages.com\/wp-content\/uploads\/2024\/09\/Capture-decran-2023-10-18-a-15.22.34-e1729753404341.png","datePublished":"2024-09-13T00:18:15+00:00","dateModified":"2026-04-28T07:02:25+00:00","description":"Sacos de v\u00e1cuo pretos lisos 15 x 20 cm 90 \u00b5, em embalagens de 100, ideais para prolongar a frescura dos alimentos e reduzir o desperd\u00edcio.","breadcrumb":{"@id":"https:\/\/www.csj-emballages.com\/pt-pt\/produit\/100-sacos-de-vacuo-pretos-lisos-15-x-20-cm-90-%c2%b5\/#breadcrumb"},"inLanguage":"pt-PT","potentialAction":[{"@type":"ReadAction","target":["https:\/\/www.csj-emballages.com\/pt-pt\/produit\/100-sacos-de-vacuo-pretos-lisos-15-x-20-cm-90-%c2%b5\/"]}]},{"@type":"ImageObject","inLanguage":"pt-PT","@id":"https:\/\/www.csj-emballages.com\/pt-pt\/produit\/100-sacos-de-vacuo-pretos-lisos-15-x-20-cm-90-%c2%b5\/#primaryimage","url":"https:\/\/www.csj-emballages.com\/wp-content\/uploads\/2024\/09\/Capture-decran-2023-10-18-a-15.22.34-e1729753404341.png","contentUrl":"https:\/\/www.csj-emballages.com\/wp-content\/uploads\/2024\/09\/Capture-decran-2023-10-18-a-15.22.34-e1729753404341.png","width":605,"height":654,"caption":"sacs sous vide"},{"@type":"BreadcrumbList","@id":"https:\/\/www.csj-emballages.com\/pt-pt\/produit\/100-sacos-de-vacuo-pretos-lisos-15-x-20-cm-90-%c2%b5\/#breadcrumb","itemListElement":[{"@type":"ListItem","position":1,"name":"Acolhimento","item":"https:\/\/www.csj-emballages.com\/pt-pt\/universo-das-embalagens-alimentares\/"},{"@type":"ListItem","position":2,"name":"Shop","item":"https:\/\/www.csj-emballages.com\/shop\/"},{"@type":"ListItem","position":3,"name":"Sacos de v\u00e1cuo lisos pretos 15 x 20 cm 90 \u00b5 por 100"}]},{"@type":"WebSite","@id":"https:\/\/www.csj-emballages.com\/pt-pt\/#website","url":"https:\/\/www.csj-emballages.com\/pt-pt\/","name":"CSJ Emballages","description":"","publisher":{"@id":"https:\/\/www.csj-emballages.com\/pt-pt\/#organization"},"potentialAction":[{"@type":"SearchAction","target":{"@type":"EntryPoint","urlTemplate":"https:\/\/www.csj-emballages.com\/pt-pt\/?s={search_term_string}"},"query-input":{"@type":"PropertyValueSpecification","valueRequired":true,"valueName":"search_term_string"}}],"inLanguage":"pt-PT"},{"@type":"Organization","@id":"https:\/\/www.csj-emballages.com\/pt-pt\/#Organization\/","name":"CSJ Emballages","url":"https:\/\/www.csj-emballages.com\/pt-pt\/","logo":{"@type":"ImageObject","inLanguage":"pt-PT","@id":"https:\/\/www.csj-emballages.com\/pt-pt\/#\/schema\/logo\/image\/","url":"https:\/\/www.csj-emballages.com\/wp-content\/uploads\/2023\/10\/logo_csj.webp","contentUrl":"https:\/\/www.csj-emballages.com\/wp-content\/uploads\/2023\/10\/logo_csj.webp","width":250,"height":95,"caption":"CSJ Emballages"},"image":{"@id":"https:\/\/www.csj-emballages.com\/pt-pt\/#\/schema\/logo\/image\/"},"sameAs":["https:\/\/www.facebook.com\/csjemballages"],"address":{"@type":"PostalAddress","streetAddress":"ZI La Lechere","addressLocality":"Patornay","postalCode":"39130","addressCountry":"FR"},"contactPoint":[{"@type":"ContactPoint","contactType":"Service client","telephone":"0384254272","email":"contact@csj-emballages.com"}]}]}},"df_price":5.28,"df_sale_price":"","df_regular_price":5.28,"df_image_link":"https:\/\/www.csj-emballages.com\/wp-content\/uploads\/2024\/09\/Capture-decran-2023-10-18-a-15.22.34-278x300.png","tiered_pricing_type":"fixed","tiered_pricing_fixed_rules":[],"tiered_pricing_percentage_rules":[],"tiered_pricing_minimum":1,"tiered_pricing_roles_data":[],"_links":{"self":[{"href":"https:\/\/www.csj-emballages.com\/pt-pt\/wp-json\/wp\/v2\/product\/126176","targetHints":{"allow":["GET"]}}],"collection":[{"href":"https:\/\/www.csj-emballages.com\/pt-pt\/wp-json\/wp\/v2\/product"}],"about":[{"href":"https:\/\/www.csj-emballages.com\/pt-pt\/wp-json\/wp\/v2\/types\/product"}],"wp:featuredmedia":[{"embeddable":true,"href":"https:\/\/www.csj-emballages.com\/pt-pt\/wp-json\/wp\/v2\/media\/143699"}],"wp:attachment":[{"href":"https:\/\/www.csj-emballages.com\/pt-pt\/wp-json\/wp\/v2\/media?parent=126176"}],"wp:term":[{"taxonomy":"product_brand","embeddable":true,"href":"https:\/\/www.csj-emballages.com\/pt-pt\/wp-json\/wp\/v2\/product_brand?post=126176"},{"taxonomy":"product_cat","embeddable":true,"href":"https:\/\/www.csj-emballages.com\/pt-pt\/wp-json\/wp\/v2\/product_cat?post=126176"},{"taxonomy":"product_tag","embeddable":true,"href":"https:\/\/www.csj-emballages.com\/pt-pt\/wp-json\/wp\/v2\/product_tag?post=126176"}],"curies":[{"name":"wp","href":"https:\/\/api.w.org\/{rel}","templated":true}]}}