{"id":126088,"date":"2024-08-28T02:18:14","date_gmt":"2024-08-28T00:18:14","guid":{"rendered":"https:\/\/www.csj-emballages.com\/produit\/1-saco-com-padrao-de-natal-e-pegas-com-cordao-18-10-x-23-cm\/"},"modified":"2026-03-12T16:09:32","modified_gmt":"2026-03-12T15:09:32","slug":"1-saco-com-padrao-de-natal-e-pegas-com-cordao-18-10-x-23-cm","status":"publish","type":"product","link":"https:\/\/www.csj-emballages.com\/pt-pt\/produit\/1-saco-com-padrao-de-natal-e-pegas-com-cordao-18-10-x-23-cm\/","title":{"rendered":"Saco de Natal &#8220;My tree&#8221; com pegas de cord\u00e3o 18 + 10 x 23 cm"},"content":{"rendered":"<h2 class=\"p1\">Saco de Natal<\/h2>\n<hr>\n<h3>Descri\u00e7\u00e3o do nosso saco de Natal &#8220;my tree&#8221; com pegas de cord\u00e3o 18 + 10 x 23 cm<\/h3>\n<p><!--more--><\/p>\n<p data-start=\"167\" data-end=\"592\">Quando a \u00e9poca festiva se aproxima, todos os pormenores contam para criar um ambiente caloroso e festivo. O <strong data-start=\"267\" data-end=\"331\">saco de Natal &#8220;Mon sapin&#8221; com asas de cord\u00e3o (18 + 10 x 23 cm)<\/strong> \u00e9 muito mais do que um simples embrulho: \u00e9 uma verdadeira montra para os seus presentes e produtos gourmet. Gra\u00e7as ao seu design elegante com uma <strong>\u00e1rvore de Natal<\/strong>, evoca instantaneamente a magia da \u00e9poca festiva e confere um toque de requinte \u00e0s suas embalagens.  <\/p>\n<p data-start=\"594\" data-end=\"989\">Fabricado em <strong data-start=\"603\" data-end=\"630\">papel kraft de qualidade<\/strong>, este <strong>saco de oferta <\/strong>\u00e9 simultaneamente <strong data-start=\"653\" data-end=\"666\">resistente<\/strong> e <strong data-start=\"670\" data-end=\"682\">pr\u00e1tico<\/strong>. O seu tamanho compacto<strong>(18 + 10 x 23 cm<\/strong>) torna-o ideal para embrulhar pequenos objectos, produtos de confeitaria, velas, j\u00f3ias e especialidades artesanais. As suas <strong data-start=\"864\" data-end=\"897\">pegas robustas com cord\u00e3o<\/strong> tornam-no f\u00e1cil e confort\u00e1vel de transportar, conferindo-lhe um acabamento topo de gama.  <\/p>\n<p data-start=\"991\" data-end=\"1361\">Optar por este <strong>saco de Natal<\/strong> significa tamb\u00e9m escolher uma embalagem que \u00e9 simultaneamente <strong data-start=\"1065\" data-end=\"1079\">amiga do ambiente<\/strong> e atractiva. Ao contr\u00e1rio dos sacos de pl\u00e1stico tradicionais, <strong>o papel kraft<\/strong> \u00e9 dur\u00e1vel e amigo do ambiente. \u00c9 uma \u00f3ptima maneira de melhorar a sua imagem aos olhos dos seus clientes, destacando o seu compromisso com a responsabilidade ecol\u00f3gica.  <\/p>\n<p data-start=\"1363\" data-end=\"1704\">Em suma, este <strong data-start=\"1376\" data-end=\"1398\">saco de oferta de Natal<\/strong> \u00e9 perfeito para retalhistas, pasteleiros, chocolateiros ou mesmo lojas de decora\u00e7\u00e3o que pretendam oferecer uma embalagem elegante e pr\u00e1tica, em sintonia com o esp\u00edrito do Natal. Com ele, os seus clientes sair\u00e3o n\u00e3o s\u00f3 com um produto, mas tamb\u00e9m com uma experi\u00eancia festiva e memor\u00e1vel. <\/p>\n<p data-start=\"1363\" data-end=\"1704\">\n<p><!--more--><\/p>\n<h4><strong>Vantagens :<\/strong><\/h4>\n<ul>\n<li>Design festivo com motivos de abeto, ideal para o Natal.<\/li>\n<li>Formato pr\u00e1tico para pequenas prendas e produtos artesanais.<\/li>\n<li><strong data-start=\"2039\" data-end=\"2071\">Pegas fortes em cord\u00e3o<\/strong> para um transporte confort\u00e1vel.<\/li>\n<li>Fabricado em <strong data-start=\"2118\" data-end=\"2158\">papel kraft resistente e amigo do ambiente.<\/strong><\/li>\n<li>Acrescenta valor aos seus produtos e refor\u00e7a a sua imagem eco-respons\u00e1vel.<\/li>\n<\/ul>\n<p>&nbsp;<\/p>\n<p><!--more--><\/p>\n<h4>Outras informa\u00e7\u00f5es :<\/h4>\n<ul>\n<li><strong>Embalagem<\/strong>: Por unidade<\/li>\n<li><strong>Dimens\u00f5es<\/strong>: 18 + 10 x 23 cm<\/li>\n<li><strong>Cor<\/strong>: vermelho<\/li>\n<li><strong>Material<\/strong>: Papel<\/li>\n<\/ul>\n<p>&nbsp;<\/p>\n<p><!--more--><\/p>\n<p>Clique aqui para ver o tamanho maior deste saco de oferta: <span style=\"color: #d12727;\"><br \/>\n  <a style=\"color: #d12727;\" href=\"https:\/\/www.csj-emballages.com\/es\/produit\/1-bolsa-con-motivos-navidenos-y-asas-de-cordon-26-13-x-32-cm\/\">9282BL<\/a><br \/>\n<\/span><\/p>\n<p>&nbsp;<\/p>\n<p><!--more--><\/p>\n<p><a href=\"https:\/\/www.csj-emballages.com\/pt-pt\/categorie-produit\/embalagem-de-alimentos\/loja-e-armazem\/sacos-saquetas\/sacos-de-boutique\/\">V\u00ea o resto da nossa gama de malas de boutique!<\/a><\/p>\n","protected":false},"excerpt":{"rendered":"<p>Saco de Natal Descri\u00e7\u00e3o do nosso saco de Natal &#8220;my tree&#8221; com pegas de cord\u00e3o 18 + 10 x 23 cm<\/p>\n","protected":false},"featured_media":91867,"template":"","meta":{"_acf_changed":false},"product_brand":[],"product_cat":[1141,1482,3921,1840],"product_tag":[],"class_list":{"0":"post-126088","1":"product","2":"type-product","3":"status-publish","4":"has-post-thumbnail","6":"product_cat-embalagem-de-alimentos","7":"product_cat-loja-e-armazem","8":"product_cat-sacos-saquetas","9":"product_cat-sacos-de-boutique","11":"first","12":"instock","13":"taxable","14":"shipping-taxable","15":"purchasable","16":"product-type-simple"},"acf":[],"yoast_head":"<!-- This site is optimized with the Yoast SEO Premium plugin v26.6 (Yoast SEO v26.6) - https:\/\/yoast.com\/wordpress\/plugins\/seo\/ -->\n<title>Saco de Natal &quot;a minha \u00e1rvore&quot; Pegas de cordas 18 + 10 x 23 cm<\/title>\n<meta name=\"description\" content=\"Ofere\u00e7a uma embalagem festiva e pr\u00e1tica com o saco de Natal &quot;A minha \u00e1rvore&quot; com al\u00e7as de cord\u00e3o 18 + 10 x 23 cm, elegante e resistente.\" \/>\n<meta name=\"robots\" content=\"index, follow, max-snippet:-1, max-image-preview:large, max-video-preview:-1\" \/>\n<link rel=\"canonical\" href=\"https:\/\/www.csj-emballages.com\/pt-pt\/produit\/1-saco-com-padrao-de-natal-e-pegas-com-cordao-18-10-x-23-cm\/\" \/>\n<meta property=\"og:locale\" content=\"pt_PT\" \/>\n<meta property=\"og:type\" content=\"article\" \/>\n<meta property=\"og:title\" content=\"Saco de Natal &quot;My tree&quot; com pegas de cord\u00e3o 18 + 10 x 23 cm\" \/>\n<meta property=\"og:description\" content=\"Ofere\u00e7a uma embalagem festiva e pr\u00e1tica com o saco de Natal &quot;A minha \u00e1rvore&quot; com al\u00e7as de cord\u00e3o 18 + 10 x 23 cm, elegante e resistente.\" \/>\n<meta property=\"og:url\" content=\"https:\/\/www.csj-emballages.com\/pt-pt\/produit\/1-saco-com-padrao-de-natal-e-pegas-com-cordao-18-10-x-23-cm\/\" \/>\n<meta property=\"og:site_name\" content=\"CSJ Emballages\" \/>\n<meta property=\"article:publisher\" content=\"https:\/\/www.facebook.com\/csjemballages\" \/>\n<meta property=\"article:modified_time\" content=\"2026-03-12T15:09:32+00:00\" \/>\n<meta property=\"og:image\" content=\"https:\/\/www.csj-emballages.com\/wp-content\/uploads\/2024\/08\/3dc9491c-b8fd-41d0-9465-2a654832145c-removebg-preview-1-e1725266032463.png\" \/>\n\t<meta property=\"og:image:width\" content=\"500\" \/>\n\t<meta property=\"og:image:height\" content=\"500\" \/>\n\t<meta property=\"og:image:type\" content=\"image\/png\" \/>\n<meta name=\"twitter:card\" content=\"summary_large_image\" \/>\n<meta name=\"twitter:label1\" content=\"Tempo estimado de leitura\" \/>\n\t<meta name=\"twitter:data1\" content=\"2 minutos\" \/>\n<script type=\"application\/ld+json\" class=\"yoast-schema-graph\">{\"@context\":\"https:\/\/schema.org\",\"@graph\":[{\"@type\":\"WebPage\",\"@id\":\"https:\/\/www.csj-emballages.com\/pt-pt\/produit\/1-saco-com-padrao-de-natal-e-pegas-com-cordao-18-10-x-23-cm\/\",\"url\":\"https:\/\/www.csj-emballages.com\/pt-pt\/produit\/1-saco-com-padrao-de-natal-e-pegas-com-cordao-18-10-x-23-cm\/\",\"name\":\"Saco de Natal \\\"a minha \u00e1rvore\\\" Pegas de cordas 18 + 10 x 23 cm\",\"isPartOf\":{\"@id\":\"https:\/\/www.csj-emballages.com\/pt-pt\/#website\"},\"primaryImageOfPage\":{\"@id\":\"https:\/\/www.csj-emballages.com\/pt-pt\/produit\/1-saco-com-padrao-de-natal-e-pegas-com-cordao-18-10-x-23-cm\/#primaryimage\"},\"image\":{\"@id\":\"https:\/\/www.csj-emballages.com\/pt-pt\/produit\/1-saco-com-padrao-de-natal-e-pegas-com-cordao-18-10-x-23-cm\/#primaryimage\"},\"thumbnailUrl\":\"https:\/\/www.csj-emballages.com\/wp-content\/uploads\/2024\/08\/3dc9491c-b8fd-41d0-9465-2a654832145c-removebg-preview-1-e1725266032463.png\",\"datePublished\":\"2024-08-28T00:18:14+00:00\",\"dateModified\":\"2026-03-12T15:09:32+00:00\",\"description\":\"Ofere\u00e7a uma embalagem festiva e pr\u00e1tica com o saco de Natal \\\"A minha \u00e1rvore\\\" com al\u00e7as de cord\u00e3o 18 + 10 x 23 cm, elegante e resistente.\",\"breadcrumb\":{\"@id\":\"https:\/\/www.csj-emballages.com\/pt-pt\/produit\/1-saco-com-padrao-de-natal-e-pegas-com-cordao-18-10-x-23-cm\/#breadcrumb\"},\"inLanguage\":\"pt-PT\",\"potentialAction\":[{\"@type\":\"ReadAction\",\"target\":[\"https:\/\/www.csj-emballages.com\/pt-pt\/produit\/1-saco-com-padrao-de-natal-e-pegas-com-cordao-18-10-x-23-cm\/\"]}]},{\"@type\":\"ImageObject\",\"inLanguage\":\"pt-PT\",\"@id\":\"https:\/\/www.csj-emballages.com\/pt-pt\/produit\/1-saco-com-padrao-de-natal-e-pegas-com-cordao-18-10-x-23-cm\/#primaryimage\",\"url\":\"https:\/\/www.csj-emballages.com\/wp-content\/uploads\/2024\/08\/3dc9491c-b8fd-41d0-9465-2a654832145c-removebg-preview-1-e1725266032463.png\",\"contentUrl\":\"https:\/\/www.csj-emballages.com\/wp-content\/uploads\/2024\/08\/3dc9491c-b8fd-41d0-9465-2a654832145c-removebg-preview-1-e1725266032463.png\",\"width\":500,\"height\":500,\"caption\":\"Sacs motif Sapin 18+10x23 cm\"},{\"@type\":\"BreadcrumbList\",\"@id\":\"https:\/\/www.csj-emballages.com\/pt-pt\/produit\/1-saco-com-padrao-de-natal-e-pegas-com-cordao-18-10-x-23-cm\/#breadcrumb\",\"itemListElement\":[{\"@type\":\"ListItem\",\"position\":1,\"name\":\"Acolhimento\",\"item\":\"https:\/\/www.csj-emballages.com\/pt-pt\/universo-das-embalagens-alimentares\/\"},{\"@type\":\"ListItem\",\"position\":2,\"name\":\"Shop\",\"item\":\"https:\/\/www.csj-emballages.com\/shop\/\"},{\"@type\":\"ListItem\",\"position\":3,\"name\":\"Saco de Natal \u00ab\u00a0My tree\u00a0\u00bb com pegas de cord\u00e3o 18 + 10 x 23 cm\"}]},{\"@type\":\"WebSite\",\"@id\":\"https:\/\/www.csj-emballages.com\/pt-pt\/#website\",\"url\":\"https:\/\/www.csj-emballages.com\/pt-pt\/\",\"name\":\"CSJ Emballages\",\"description\":\"\",\"publisher\":{\"@id\":\"https:\/\/www.csj-emballages.com\/pt-pt\/#organization\"},\"potentialAction\":[{\"@type\":\"SearchAction\",\"target\":{\"@type\":\"EntryPoint\",\"urlTemplate\":\"https:\/\/www.csj-emballages.com\/pt-pt\/?s={search_term_string}\"},\"query-input\":{\"@type\":\"PropertyValueSpecification\",\"valueRequired\":true,\"valueName\":\"search_term_string\"}}],\"inLanguage\":\"pt-PT\"},{\"@type\":\"Organization\",\"@id\":\"https:\/\/www.csj-emballages.com\/pt-pt\/#Organization\/\",\"name\":\"CSJ Emballages\",\"url\":\"https:\/\/www.csj-emballages.com\/pt-pt\/\",\"logo\":{\"@type\":\"ImageObject\",\"inLanguage\":\"pt-PT\",\"@id\":\"https:\/\/www.csj-emballages.com\/pt-pt\/#\/schema\/logo\/image\/\",\"url\":\"https:\/\/www.csj-emballages.com\/wp-content\/uploads\/2023\/10\/logo_csj.webp\",\"contentUrl\":\"https:\/\/www.csj-emballages.com\/wp-content\/uploads\/2023\/10\/logo_csj.webp\",\"width\":250,\"height\":95,\"caption\":\"CSJ Emballages\"},\"image\":{\"@id\":\"https:\/\/www.csj-emballages.com\/pt-pt\/#\/schema\/logo\/image\/\"},\"sameAs\":[\"https:\/\/www.facebook.com\/csjemballages\"],\"address\":{\"@type\":\"PostalAddress\",\"streetAddress\":\"ZI La Lechere\",\"addressLocality\":\"Patornay\",\"postalCode\":\"39130\",\"addressCountry\":\"FR\"},\"contactPoint\":[{\"@type\":\"ContactPoint\",\"contactType\":\"Service client\",\"telephone\":\"0384254272\",\"email\":\"contact@csj-emballages.com\"}]}]}<\/script>\n<!-- \/ Yoast SEO Premium plugin. -->","yoast_head_json":{"title":"Saco de Natal \"a minha \u00e1rvore\" Pegas de cordas 18 + 10 x 23 cm","description":"Ofere\u00e7a uma embalagem festiva e pr\u00e1tica com o saco de Natal \"A minha \u00e1rvore\" com al\u00e7as de cord\u00e3o 18 + 10 x 23 cm, elegante e resistente.","robots":{"index":"index","follow":"follow","max-snippet":"max-snippet:-1","max-image-preview":"max-image-preview:large","max-video-preview":"max-video-preview:-1"},"canonical":"https:\/\/www.csj-emballages.com\/pt-pt\/produit\/1-saco-com-padrao-de-natal-e-pegas-com-cordao-18-10-x-23-cm\/","og_locale":"pt_PT","og_type":"article","og_title":"Saco de Natal \"My tree\" com pegas de cord\u00e3o 18 + 10 x 23 cm","og_description":"Ofere\u00e7a uma embalagem festiva e pr\u00e1tica com o saco de Natal \"A minha \u00e1rvore\" com al\u00e7as de cord\u00e3o 18 + 10 x 23 cm, elegante e resistente.","og_url":"https:\/\/www.csj-emballages.com\/pt-pt\/produit\/1-saco-com-padrao-de-natal-e-pegas-com-cordao-18-10-x-23-cm\/","og_site_name":"CSJ Emballages","article_publisher":"https:\/\/www.facebook.com\/csjemballages","article_modified_time":"2026-03-12T15:09:32+00:00","og_image":[{"width":500,"height":500,"url":"https:\/\/www.csj-emballages.com\/wp-content\/uploads\/2024\/08\/3dc9491c-b8fd-41d0-9465-2a654832145c-removebg-preview-1-e1725266032463.png","type":"image\/png"}],"twitter_card":"summary_large_image","twitter_misc":{"Tempo estimado de leitura":"2 minutos"},"schema":{"@context":"https:\/\/schema.org","@graph":[{"@type":"WebPage","@id":"https:\/\/www.csj-emballages.com\/pt-pt\/produit\/1-saco-com-padrao-de-natal-e-pegas-com-cordao-18-10-x-23-cm\/","url":"https:\/\/www.csj-emballages.com\/pt-pt\/produit\/1-saco-com-padrao-de-natal-e-pegas-com-cordao-18-10-x-23-cm\/","name":"Saco de Natal \"a minha \u00e1rvore\" Pegas de cordas 18 + 10 x 23 cm","isPartOf":{"@id":"https:\/\/www.csj-emballages.com\/pt-pt\/#website"},"primaryImageOfPage":{"@id":"https:\/\/www.csj-emballages.com\/pt-pt\/produit\/1-saco-com-padrao-de-natal-e-pegas-com-cordao-18-10-x-23-cm\/#primaryimage"},"image":{"@id":"https:\/\/www.csj-emballages.com\/pt-pt\/produit\/1-saco-com-padrao-de-natal-e-pegas-com-cordao-18-10-x-23-cm\/#primaryimage"},"thumbnailUrl":"https:\/\/www.csj-emballages.com\/wp-content\/uploads\/2024\/08\/3dc9491c-b8fd-41d0-9465-2a654832145c-removebg-preview-1-e1725266032463.png","datePublished":"2024-08-28T00:18:14+00:00","dateModified":"2026-03-12T15:09:32+00:00","description":"Ofere\u00e7a uma embalagem festiva e pr\u00e1tica com o saco de Natal \"A minha \u00e1rvore\" com al\u00e7as de cord\u00e3o 18 + 10 x 23 cm, elegante e resistente.","breadcrumb":{"@id":"https:\/\/www.csj-emballages.com\/pt-pt\/produit\/1-saco-com-padrao-de-natal-e-pegas-com-cordao-18-10-x-23-cm\/#breadcrumb"},"inLanguage":"pt-PT","potentialAction":[{"@type":"ReadAction","target":["https:\/\/www.csj-emballages.com\/pt-pt\/produit\/1-saco-com-padrao-de-natal-e-pegas-com-cordao-18-10-x-23-cm\/"]}]},{"@type":"ImageObject","inLanguage":"pt-PT","@id":"https:\/\/www.csj-emballages.com\/pt-pt\/produit\/1-saco-com-padrao-de-natal-e-pegas-com-cordao-18-10-x-23-cm\/#primaryimage","url":"https:\/\/www.csj-emballages.com\/wp-content\/uploads\/2024\/08\/3dc9491c-b8fd-41d0-9465-2a654832145c-removebg-preview-1-e1725266032463.png","contentUrl":"https:\/\/www.csj-emballages.com\/wp-content\/uploads\/2024\/08\/3dc9491c-b8fd-41d0-9465-2a654832145c-removebg-preview-1-e1725266032463.png","width":500,"height":500,"caption":"Sacs motif Sapin 18+10x23 cm"},{"@type":"BreadcrumbList","@id":"https:\/\/www.csj-emballages.com\/pt-pt\/produit\/1-saco-com-padrao-de-natal-e-pegas-com-cordao-18-10-x-23-cm\/#breadcrumb","itemListElement":[{"@type":"ListItem","position":1,"name":"Acolhimento","item":"https:\/\/www.csj-emballages.com\/pt-pt\/universo-das-embalagens-alimentares\/"},{"@type":"ListItem","position":2,"name":"Shop","item":"https:\/\/www.csj-emballages.com\/shop\/"},{"@type":"ListItem","position":3,"name":"Saco de Natal \u00ab\u00a0My tree\u00a0\u00bb com pegas de cord\u00e3o 18 + 10 x 23 cm"}]},{"@type":"WebSite","@id":"https:\/\/www.csj-emballages.com\/pt-pt\/#website","url":"https:\/\/www.csj-emballages.com\/pt-pt\/","name":"CSJ Emballages","description":"","publisher":{"@id":"https:\/\/www.csj-emballages.com\/pt-pt\/#organization"},"potentialAction":[{"@type":"SearchAction","target":{"@type":"EntryPoint","urlTemplate":"https:\/\/www.csj-emballages.com\/pt-pt\/?s={search_term_string}"},"query-input":{"@type":"PropertyValueSpecification","valueRequired":true,"valueName":"search_term_string"}}],"inLanguage":"pt-PT"},{"@type":"Organization","@id":"https:\/\/www.csj-emballages.com\/pt-pt\/#Organization\/","name":"CSJ Emballages","url":"https:\/\/www.csj-emballages.com\/pt-pt\/","logo":{"@type":"ImageObject","inLanguage":"pt-PT","@id":"https:\/\/www.csj-emballages.com\/pt-pt\/#\/schema\/logo\/image\/","url":"https:\/\/www.csj-emballages.com\/wp-content\/uploads\/2023\/10\/logo_csj.webp","contentUrl":"https:\/\/www.csj-emballages.com\/wp-content\/uploads\/2023\/10\/logo_csj.webp","width":250,"height":95,"caption":"CSJ Emballages"},"image":{"@id":"https:\/\/www.csj-emballages.com\/pt-pt\/#\/schema\/logo\/image\/"},"sameAs":["https:\/\/www.facebook.com\/csjemballages"],"address":{"@type":"PostalAddress","streetAddress":"ZI La Lechere","addressLocality":"Patornay","postalCode":"39130","addressCountry":"FR"},"contactPoint":[{"@type":"ContactPoint","contactType":"Service client","telephone":"0384254272","email":"contact@csj-emballages.com"}]}]}},"df_price":1.22,"df_sale_price":"","df_regular_price":1.22,"df_image_link":"https:\/\/www.csj-emballages.com\/wp-content\/uploads\/2024\/08\/3dc9491c-b8fd-41d0-9465-2a654832145c-removebg-preview-1-300x300.png","tiered_pricing_type":"fixed","tiered_pricing_fixed_rules":[],"tiered_pricing_percentage_rules":[],"tiered_pricing_minimum":1,"tiered_pricing_roles_data":[],"_links":{"self":[{"href":"https:\/\/www.csj-emballages.com\/pt-pt\/wp-json\/wp\/v2\/product\/126088","targetHints":{"allow":["GET"]}}],"collection":[{"href":"https:\/\/www.csj-emballages.com\/pt-pt\/wp-json\/wp\/v2\/product"}],"about":[{"href":"https:\/\/www.csj-emballages.com\/pt-pt\/wp-json\/wp\/v2\/types\/product"}],"wp:featuredmedia":[{"embeddable":true,"href":"https:\/\/www.csj-emballages.com\/pt-pt\/wp-json\/wp\/v2\/media\/91867"}],"wp:attachment":[{"href":"https:\/\/www.csj-emballages.com\/pt-pt\/wp-json\/wp\/v2\/media?parent=126088"}],"wp:term":[{"taxonomy":"product_brand","embeddable":true,"href":"https:\/\/www.csj-emballages.com\/pt-pt\/wp-json\/wp\/v2\/product_brand?post=126088"},{"taxonomy":"product_cat","embeddable":true,"href":"https:\/\/www.csj-emballages.com\/pt-pt\/wp-json\/wp\/v2\/product_cat?post=126088"},{"taxonomy":"product_tag","embeddable":true,"href":"https:\/\/www.csj-emballages.com\/pt-pt\/wp-json\/wp\/v2\/product_tag?post=126088"}],"curies":[{"name":"wp","href":"https:\/\/api.w.org\/{rel}","templated":true}]}}