{"id":249146,"date":"2025-09-18T17:18:19","date_gmt":"2025-09-18T15:18:19","guid":{"rendered":"https:\/\/www.csj-emballages.com\/produit\/estuche-de-carton-negro-de-3-botellas-con-asa-integrada-270-x-90-x-385-mm-paquete-de-5\/"},"modified":"2026-03-21T02:10:20","modified_gmt":"2026-03-21T01:10:20","slug":"estuche-de-carton-negro-de-3-botellas-con-asa-integrada-270-x-90-x-385-mm-paquete-de-5","status":"publish","type":"product","link":"https:\/\/www.csj-emballages.com\/es\/produit\/estuche-de-carton-negro-de-3-botellas-con-asa-integrada-270-x-90-x-385-mm-paquete-de-5\/","title":{"rendered":"Estuche de cart\u00f3n negro de 3 botellas con asa integrada 270 x 90 x 385 mm, paquete de 5"},"content":{"rendered":"<h2 class=\"p1\">Estuche negro para 3 botellas<\/h2>\n<hr>\n<h3>Descripci\u00f3n de nuestro estuche de cart\u00f3n negro para 3 botellas con asa integrada 270 x 90 x 385 mm, paquete de 5<\/h3>\n<p><!--more--><\/p>\n<p data-start=\"110\" data-end=\"413\">El<strong>estuche de cart\u00f3n negro para 3 botellas con asa<\/strong> integrada es la soluci\u00f3n ideal para embalar, transportar y ofrecer con elegancia sus <strong>botellas de vino<\/strong>. Dise\u00f1ado para contener <strong>3 botellas<\/strong> <strong>verticales<\/strong> de <strong>Burdeos<\/strong> o <strong>Borgo\u00f1a<\/strong>, este <strong>estuche<\/strong> combina resistencia, est\u00e9tica y practicidad. Gracias a su <strong>asa integrada<\/strong>, es f\u00e1cil y seguro de transportar, al tiempo que a\u00f1ade un toque de elegancia a su presentaci\u00f3n. La <strong>ventana frontal<\/strong> <strong>destaca<\/strong> sutilmente <strong>el contenido<\/strong>, permitiendo ver las botellas sin necesidad de abrirla, un detalle que marca la diferencia a la hora de venderlas o regalarlas.   <\/p>\n<p data-start=\"736\" data-end=\"1072\">Fabricado en <strong>cart\u00f3n<\/strong> <strong>r\u00edgido<\/strong>, este <strong>estuche para 3<\/strong> botellas protege eficazmente sus botellas de golpes y ca\u00eddas, al tiempo que garantiza un aspecto profesional. Su <strong>elegante color negro<\/strong> proporciona un acabado moderno, ideal para bodegas, comerciantes de vino, productores, restaurantes o tiendas de delicatessen que buscan mejorar su imagen. <\/p>\n<p data-start=\"1074\" data-end=\"1381\">Adem\u00e1s, su montaje es r\u00e1pido e intuitivo, lo que la convierte en la opci\u00f3n perfecta para el envasado expr\u00e9s en periodos de mucho trabajo. Su tama\u00f1o est\u00e1ndar de <strong>270 x 90 x 385 mm <\/strong>se adapta perfectamente a los formatos cl\u00e1sicos de vino, garantizando una sujeci\u00f3n \u00f3ptima y una presentaci\u00f3n impecable. <\/p>\n<p data-start=\"1383\" data-end=\"1577\">En resumen, este <strong>estuche de cart\u00f3n negro para 3 botellas<\/strong> combina robustez, dise\u00f1o y funcionalidad. Aumenta el valor de sus productos al tiempo que ofrece una experiencia de cliente de alta gama a un precio reducido. <\/p>\n<p data-start=\"1378\" data-end=\"1605\"><!--more--><\/p>\n<h4 data-start=\"1378\" data-end=\"1605\">Ventajas :<\/h4>\n<ul>\n<li data-start=\"1624\" data-end=\"1683\"><strong data-start=\"1624\" data-end=\"1644\">Asa integrada<\/strong> para un transporte f\u00e1cil y seguro.<\/li>\n<li data-start=\"1686\" data-end=\"1758\"><strong data-start=\"1686\" data-end=\"1706\">Ventana frontal<\/strong> para exposici\u00f3n inmediata de botellas.<\/li>\n<li data-start=\"1761\" data-end=\"1814\"><strong data-start=\"1761\" data-end=\"1778\">Cart\u00f3n r\u00edgido<\/strong> para mayor protecci\u00f3n y durabilidad.<\/li>\n<li data-start=\"1817\" data-end=\"1877\"><strong data-start=\"1817\" data-end=\"1835\">Dise\u00f1o elegante<\/strong> y discreto para cualquier ocasi\u00f3n.<\/li>\n<li data-start=\"1880\" data-end=\"1941\"><strong data-start=\"1880\" data-end=\"1908\">Instalaci\u00f3n r\u00e1pida y sencilla<\/strong>, ideal para profesionales.<\/li>\n<li data-start=\"1944\" data-end=\"2015\"><strong data-start=\"1944\" data-end=\"1964\">Formato universal<\/strong> compatible con botellas de Burdeos y Borgo\u00f1a.<\/li>\n<\/ul>\n<p>&nbsp;<\/p>\n<p><!--more--><\/p>\n<h4>Informaci\u00f3n adicional :<\/h4>\n<ul>\n<li><strong>Envase<\/strong>: Paquete de 5<\/li>\n<li><strong>Dimensiones<\/strong>: 270 x 90 x 385 mm<\/li>\n<li><strong>Material<\/strong>: Cart\u00f3n<\/li>\n<li><strong>Capacidad<\/strong>: 3 botellas<\/li>\n<li><strong>Color<\/strong>: Negro<\/li>\n<\/ul>\n<p>&nbsp;<\/p>\n<p><!--more--><\/p>\n<p>Este estuche negro para 3 botellas tambi\u00e9n est\u00e1 disponible en varias versiones: <span style=\"color: #d12727;\"><a style=\"color: #d12727;\" href=\"https:\/\/www.csj-emballages.com\/produit\/etui-a-bouteille-noir-carton-pour-1-bouteilles-avec-poignee-90-x-90-x-384-mm-par-5\/\">1 botella<\/a><\/span> \/ <span style=\"color: #d12727;\"><a style=\"color: #d12727;\" href=\"https:\/\/www.csj-emballages.com\/es\/produit\/estuche-de-carton-negro-para-2-botellas-con-asa-integrada-180-x-90-x-385-mm-paquete-de-5\/\">2 botellas<\/a><\/span><\/p>\n<p>&nbsp;<\/p>\n<p><!--more--><\/p>\n<p>Encuentre aqu\u00ed todos los colores disponibles para este estuche de 3 botellas: <span style=\"color: #d12727;\"><a style=\"color: #d12727;\" href=\"https:\/\/www.csj-emballages.com\/es\/produit\/estuche-de-carton-para-3-botellas-con-asa\/\">Kraft<\/a> <\/span>\/ <span style=\"color: #d12727;\"><a style=\"color: #d12727;\" href=\"https:\/\/www.csj-emballages.com\/es\/produit\/estuche-blanco-para-3-botellas-con-asa-integrada-270-x-90-x-385-mm-paquete-de-5\/\">Blanco<\/a> <span style=\"color: #000000;\">\/<\/span> <a style=\"color: #d12727;\" href=\"https:\/\/www.csj-emballages.com\/es\/produit\/estuche-de-carton-verde-oliva-de-3-botellas-con-asa-integrada-270-x-90-x-385-mm-paquete-de-5\/\">Verde oliva<\/a> <span style=\"color: #000000;\">\/<\/span> <a style=\"color: #d12727;\" href=\"https:\/\/www.csj-emballages.com\/es\/produit\/estuche-de-carton-burdeos-de-3-botellas-con-asa-integrada-270-x-90-x-385-mm-paquete-de-5\/\">Burdeos<\/a><\/span><\/p>\n<p>&nbsp;<\/p>\n<p><!--more--><\/p>\n<p><a href=\"https:\/\/www.csj-emballages.com\/es\/categorie-produit\/envasado-de-alimentos\/tienda-y-almacen\/bolsas-sobres\/bolsas-para-botellas\/\">Consulte el resto de nuestra gama de bolsas\/fundas para botellas<\/a><\/p>\n","protected":false},"excerpt":{"rendered":"<p>Estuche negro para 3 botellas Descripci\u00f3n de nuestro estuche de cart\u00f3n negro para 3 botellas con asa integrada 270 x 90 x 385 mm, paquete de 5<\/p>\n","protected":false},"featured_media":249144,"template":"","meta":{"_acf_changed":false},"product_brand":[],"product_cat":[1150,1488,3873,3424],"product_tag":[],"class_list":{"0":"post-249146","1":"product","2":"type-product","3":"status-publish","4":"has-post-thumbnail","6":"product_cat-envasado-de-alimentos","7":"product_cat-tienda-y-almacen","8":"product_cat-bolsas-sobres","9":"product_cat-bolsas-para-botellas","11":"first","12":"instock","13":"taxable","14":"shipping-taxable","15":"purchasable","16":"product-type-simple"},"acf":[],"yoast_head":"<!-- This site is optimized with the Yoast SEO Premium plugin v26.6 (Yoast SEO v26.6) - https:\/\/yoast.com\/wordpress\/plugins\/seo\/ -->\n<title>Caja negra para 3 botellas con asa integrada 270 x 90 x 385 mm<\/title>\n<meta name=\"description\" content=\"Estuche de cart\u00f3n negro para 3 botellas con asa y ventana frontal. Elegante, s\u00f3lido y pr\u00e1ctico para 3 botellas de Burdeos o Borgo\u00f1a.\" \/>\n<meta name=\"robots\" content=\"index, follow, max-snippet:-1, max-image-preview:large, max-video-preview:-1\" \/>\n<link rel=\"canonical\" href=\"https:\/\/www.csj-emballages.com\/es\/produit\/estuche-de-carton-negro-de-3-botellas-con-asa-integrada-270-x-90-x-385-mm-paquete-de-5\/\" \/>\n<meta property=\"og:locale\" content=\"es_ES\" \/>\n<meta property=\"og:type\" content=\"article\" \/>\n<meta property=\"og:title\" content=\"Estuche de cart\u00f3n negro de 3 botellas con asa integrada 270 x 90 x 385 mm, paquete de 5\" \/>\n<meta property=\"og:description\" content=\"Estuche de cart\u00f3n negro para 3 botellas con asa y ventana frontal. Elegante, s\u00f3lido y pr\u00e1ctico para 3 botellas de Burdeos o Borgo\u00f1a.\" \/>\n<meta property=\"og:url\" content=\"https:\/\/www.csj-emballages.com\/es\/produit\/estuche-de-carton-negro-de-3-botellas-con-asa-integrada-270-x-90-x-385-mm-paquete-de-5\/\" \/>\n<meta property=\"og:site_name\" content=\"CSJ Emballages\" \/>\n<meta property=\"article:publisher\" content=\"https:\/\/www.facebook.com\/csjemballages\" \/>\n<meta property=\"article:modified_time\" content=\"2026-03-21T01:10:20+00:00\" \/>\n<meta property=\"og:image\" content=\"https:\/\/www.csj-emballages.com\/wp-content\/uploads\/2025\/09\/117123.webp\" \/>\n\t<meta property=\"og:image:width\" content=\"800\" \/>\n\t<meta property=\"og:image:height\" content=\"800\" \/>\n\t<meta property=\"og:image:type\" content=\"image\/webp\" \/>\n<meta name=\"twitter:card\" content=\"summary_large_image\" \/>\n<meta name=\"twitter:label1\" content=\"Tiempo de lectura\" \/>\n\t<meta name=\"twitter:data1\" content=\"2 minutos\" \/>\n<script type=\"application\/ld+json\" class=\"yoast-schema-graph\">{\"@context\":\"https:\/\/schema.org\",\"@graph\":[{\"@type\":\"WebPage\",\"@id\":\"https:\/\/www.csj-emballages.com\/es\/produit\/estuche-de-carton-negro-de-3-botellas-con-asa-integrada-270-x-90-x-385-mm-paquete-de-5\/\",\"url\":\"https:\/\/www.csj-emballages.com\/es\/produit\/estuche-de-carton-negro-de-3-botellas-con-asa-integrada-270-x-90-x-385-mm-paquete-de-5\/\",\"name\":\"Caja negra para 3 botellas con asa integrada 270 x 90 x 385 mm\",\"isPartOf\":{\"@id\":\"https:\/\/www.csj-emballages.com\/es\/#website\"},\"primaryImageOfPage\":{\"@id\":\"https:\/\/www.csj-emballages.com\/es\/produit\/estuche-de-carton-negro-de-3-botellas-con-asa-integrada-270-x-90-x-385-mm-paquete-de-5\/#primaryimage\"},\"image\":{\"@id\":\"https:\/\/www.csj-emballages.com\/es\/produit\/estuche-de-carton-negro-de-3-botellas-con-asa-integrada-270-x-90-x-385-mm-paquete-de-5\/#primaryimage\"},\"thumbnailUrl\":\"https:\/\/www.csj-emballages.com\/wp-content\/uploads\/2025\/09\/117123.webp\",\"datePublished\":\"2025-09-18T15:18:19+00:00\",\"dateModified\":\"2026-03-21T01:10:20+00:00\",\"description\":\"Estuche de cart\u00f3n negro para 3 botellas con asa y ventana frontal. Elegante, s\u00f3lido y pr\u00e1ctico para 3 botellas de Burdeos o Borgo\u00f1a.\",\"breadcrumb\":{\"@id\":\"https:\/\/www.csj-emballages.com\/es\/produit\/estuche-de-carton-negro-de-3-botellas-con-asa-integrada-270-x-90-x-385-mm-paquete-de-5\/#breadcrumb\"},\"inLanguage\":\"es\",\"potentialAction\":[{\"@type\":\"ReadAction\",\"target\":[\"https:\/\/www.csj-emballages.com\/es\/produit\/estuche-de-carton-negro-de-3-botellas-con-asa-integrada-270-x-90-x-385-mm-paquete-de-5\/\"]}]},{\"@type\":\"ImageObject\",\"inLanguage\":\"es\",\"@id\":\"https:\/\/www.csj-emballages.com\/es\/produit\/estuche-de-carton-negro-de-3-botellas-con-asa-integrada-270-x-90-x-385-mm-paquete-de-5\/#primaryimage\",\"url\":\"https:\/\/www.csj-emballages.com\/wp-content\/uploads\/2025\/09\/117123.webp\",\"contentUrl\":\"https:\/\/www.csj-emballages.com\/wp-content\/uploads\/2025\/09\/117123.webp\",\"width\":800,\"height\":800,\"caption\":\"\u00c9tui 3 bouteilles noir\"},{\"@type\":\"BreadcrumbList\",\"@id\":\"https:\/\/www.csj-emballages.com\/es\/produit\/estuche-de-carton-negro-de-3-botellas-con-asa-integrada-270-x-90-x-385-mm-paquete-de-5\/#breadcrumb\",\"itemListElement\":[{\"@type\":\"ListItem\",\"position\":1,\"name\":\"Accueil\",\"item\":\"https:\/\/www.csj-emballages.com\/es\/universo-del-envasado-alimentario\/\"},{\"@type\":\"ListItem\",\"position\":2,\"name\":\"Tienda\",\"item\":\"https:\/\/www.csj-emballages.com\/tienda\/\"},{\"@type\":\"ListItem\",\"position\":3,\"name\":\"Estuche de cart\u00f3n negro de 3 botellas con asa integrada 270 x 90 x 385 mm, paquete de 5\"}]},{\"@type\":\"WebSite\",\"@id\":\"https:\/\/www.csj-emballages.com\/es\/#website\",\"url\":\"https:\/\/www.csj-emballages.com\/es\/\",\"name\":\"CSJ Emballages\",\"description\":\"\",\"publisher\":{\"@id\":\"https:\/\/www.csj-emballages.com\/es\/#organization\"},\"potentialAction\":[{\"@type\":\"SearchAction\",\"target\":{\"@type\":\"EntryPoint\",\"urlTemplate\":\"https:\/\/www.csj-emballages.com\/es\/?s={search_term_string}\"},\"query-input\":{\"@type\":\"PropertyValueSpecification\",\"valueRequired\":true,\"valueName\":\"search_term_string\"}}],\"inLanguage\":\"es\"},{\"@type\":\"Organization\",\"@id\":\"https:\/\/www.csj-emballages.com\/es\/#Organization\/\",\"name\":\"CSJ Emballages\",\"url\":\"https:\/\/www.csj-emballages.com\/es\/\",\"logo\":{\"@type\":\"ImageObject\",\"inLanguage\":\"es\",\"@id\":\"https:\/\/www.csj-emballages.com\/es\/#\/schema\/logo\/image\/\",\"url\":\"https:\/\/www.csj-emballages.com\/wp-content\/uploads\/2023\/10\/logo_csj.webp\",\"contentUrl\":\"https:\/\/www.csj-emballages.com\/wp-content\/uploads\/2023\/10\/logo_csj.webp\",\"width\":250,\"height\":95,\"caption\":\"CSJ Emballages\"},\"image\":{\"@id\":\"https:\/\/www.csj-emballages.com\/es\/#\/schema\/logo\/image\/\"},\"sameAs\":[\"https:\/\/www.facebook.com\/csjemballages\"],\"address\":{\"@type\":\"PostalAddress\",\"streetAddress\":\"ZI La Lechere\",\"addressLocality\":\"Patornay\",\"postalCode\":\"39130\",\"addressCountry\":\"FR\"},\"contactPoint\":[{\"@type\":\"ContactPoint\",\"contactType\":\"Service client\",\"telephone\":\"0384254272\",\"email\":\"contact@csj-emballages.com\"}]}]}<\/script>\n<!-- \/ Yoast SEO Premium plugin. -->","yoast_head_json":{"title":"Caja negra para 3 botellas con asa integrada 270 x 90 x 385 mm","description":"Estuche de cart\u00f3n negro para 3 botellas con asa y ventana frontal. Elegante, s\u00f3lido y pr\u00e1ctico para 3 botellas de Burdeos o Borgo\u00f1a.","robots":{"index":"index","follow":"follow","max-snippet":"max-snippet:-1","max-image-preview":"max-image-preview:large","max-video-preview":"max-video-preview:-1"},"canonical":"https:\/\/www.csj-emballages.com\/es\/produit\/estuche-de-carton-negro-de-3-botellas-con-asa-integrada-270-x-90-x-385-mm-paquete-de-5\/","og_locale":"es_ES","og_type":"article","og_title":"Estuche de cart\u00f3n negro de 3 botellas con asa integrada 270 x 90 x 385 mm, paquete de 5","og_description":"Estuche de cart\u00f3n negro para 3 botellas con asa y ventana frontal. Elegante, s\u00f3lido y pr\u00e1ctico para 3 botellas de Burdeos o Borgo\u00f1a.","og_url":"https:\/\/www.csj-emballages.com\/es\/produit\/estuche-de-carton-negro-de-3-botellas-con-asa-integrada-270-x-90-x-385-mm-paquete-de-5\/","og_site_name":"CSJ Emballages","article_publisher":"https:\/\/www.facebook.com\/csjemballages","article_modified_time":"2026-03-21T01:10:20+00:00","og_image":[{"width":800,"height":800,"url":"https:\/\/www.csj-emballages.com\/wp-content\/uploads\/2025\/09\/117123.webp","type":"image\/webp"}],"twitter_card":"summary_large_image","twitter_misc":{"Tiempo de lectura":"2 minutos"},"schema":{"@context":"https:\/\/schema.org","@graph":[{"@type":"WebPage","@id":"https:\/\/www.csj-emballages.com\/es\/produit\/estuche-de-carton-negro-de-3-botellas-con-asa-integrada-270-x-90-x-385-mm-paquete-de-5\/","url":"https:\/\/www.csj-emballages.com\/es\/produit\/estuche-de-carton-negro-de-3-botellas-con-asa-integrada-270-x-90-x-385-mm-paquete-de-5\/","name":"Caja negra para 3 botellas con asa integrada 270 x 90 x 385 mm","isPartOf":{"@id":"https:\/\/www.csj-emballages.com\/es\/#website"},"primaryImageOfPage":{"@id":"https:\/\/www.csj-emballages.com\/es\/produit\/estuche-de-carton-negro-de-3-botellas-con-asa-integrada-270-x-90-x-385-mm-paquete-de-5\/#primaryimage"},"image":{"@id":"https:\/\/www.csj-emballages.com\/es\/produit\/estuche-de-carton-negro-de-3-botellas-con-asa-integrada-270-x-90-x-385-mm-paquete-de-5\/#primaryimage"},"thumbnailUrl":"https:\/\/www.csj-emballages.com\/wp-content\/uploads\/2025\/09\/117123.webp","datePublished":"2025-09-18T15:18:19+00:00","dateModified":"2026-03-21T01:10:20+00:00","description":"Estuche de cart\u00f3n negro para 3 botellas con asa y ventana frontal. Elegante, s\u00f3lido y pr\u00e1ctico para 3 botellas de Burdeos o Borgo\u00f1a.","breadcrumb":{"@id":"https:\/\/www.csj-emballages.com\/es\/produit\/estuche-de-carton-negro-de-3-botellas-con-asa-integrada-270-x-90-x-385-mm-paquete-de-5\/#breadcrumb"},"inLanguage":"es","potentialAction":[{"@type":"ReadAction","target":["https:\/\/www.csj-emballages.com\/es\/produit\/estuche-de-carton-negro-de-3-botellas-con-asa-integrada-270-x-90-x-385-mm-paquete-de-5\/"]}]},{"@type":"ImageObject","inLanguage":"es","@id":"https:\/\/www.csj-emballages.com\/es\/produit\/estuche-de-carton-negro-de-3-botellas-con-asa-integrada-270-x-90-x-385-mm-paquete-de-5\/#primaryimage","url":"https:\/\/www.csj-emballages.com\/wp-content\/uploads\/2025\/09\/117123.webp","contentUrl":"https:\/\/www.csj-emballages.com\/wp-content\/uploads\/2025\/09\/117123.webp","width":800,"height":800,"caption":"\u00c9tui 3 bouteilles noir"},{"@type":"BreadcrumbList","@id":"https:\/\/www.csj-emballages.com\/es\/produit\/estuche-de-carton-negro-de-3-botellas-con-asa-integrada-270-x-90-x-385-mm-paquete-de-5\/#breadcrumb","itemListElement":[{"@type":"ListItem","position":1,"name":"Accueil","item":"https:\/\/www.csj-emballages.com\/es\/universo-del-envasado-alimentario\/"},{"@type":"ListItem","position":2,"name":"Tienda","item":"https:\/\/www.csj-emballages.com\/tienda\/"},{"@type":"ListItem","position":3,"name":"Estuche de cart\u00f3n negro de 3 botellas con asa integrada 270 x 90 x 385 mm, paquete de 5"}]},{"@type":"WebSite","@id":"https:\/\/www.csj-emballages.com\/es\/#website","url":"https:\/\/www.csj-emballages.com\/es\/","name":"CSJ Emballages","description":"","publisher":{"@id":"https:\/\/www.csj-emballages.com\/es\/#organization"},"potentialAction":[{"@type":"SearchAction","target":{"@type":"EntryPoint","urlTemplate":"https:\/\/www.csj-emballages.com\/es\/?s={search_term_string}"},"query-input":{"@type":"PropertyValueSpecification","valueRequired":true,"valueName":"search_term_string"}}],"inLanguage":"es"},{"@type":"Organization","@id":"https:\/\/www.csj-emballages.com\/es\/#Organization\/","name":"CSJ Emballages","url":"https:\/\/www.csj-emballages.com\/es\/","logo":{"@type":"ImageObject","inLanguage":"es","@id":"https:\/\/www.csj-emballages.com\/es\/#\/schema\/logo\/image\/","url":"https:\/\/www.csj-emballages.com\/wp-content\/uploads\/2023\/10\/logo_csj.webp","contentUrl":"https:\/\/www.csj-emballages.com\/wp-content\/uploads\/2023\/10\/logo_csj.webp","width":250,"height":95,"caption":"CSJ Emballages"},"image":{"@id":"https:\/\/www.csj-emballages.com\/es\/#\/schema\/logo\/image\/"},"sameAs":["https:\/\/www.facebook.com\/csjemballages"],"address":{"@type":"PostalAddress","streetAddress":"ZI La Lechere","addressLocality":"Patornay","postalCode":"39130","addressCountry":"FR"},"contactPoint":[{"@type":"ContactPoint","contactType":"Service client","telephone":"0384254272","email":"contact@csj-emballages.com"}]}]}},"df_price":8.82,"df_sale_price":"","df_regular_price":8.82,"df_image_link":"https:\/\/www.csj-emballages.com\/wp-content\/uploads\/2025\/09\/117123-300x300.webp","tiered_pricing_type":"fixed","tiered_pricing_fixed_rules":[],"tiered_pricing_percentage_rules":[],"tiered_pricing_minimum":1,"tiered_pricing_roles_data":[],"_links":{"self":[{"href":"https:\/\/www.csj-emballages.com\/es\/wp-json\/wp\/v2\/product\/249146","targetHints":{"allow":["GET"]}}],"collection":[{"href":"https:\/\/www.csj-emballages.com\/es\/wp-json\/wp\/v2\/product"}],"about":[{"href":"https:\/\/www.csj-emballages.com\/es\/wp-json\/wp\/v2\/types\/product"}],"wp:featuredmedia":[{"embeddable":true,"href":"https:\/\/www.csj-emballages.com\/es\/wp-json\/wp\/v2\/media\/249144"}],"wp:attachment":[{"href":"https:\/\/www.csj-emballages.com\/es\/wp-json\/wp\/v2\/media?parent=249146"}],"wp:term":[{"taxonomy":"product_brand","embeddable":true,"href":"https:\/\/www.csj-emballages.com\/es\/wp-json\/wp\/v2\/product_brand?post=249146"},{"taxonomy":"product_cat","embeddable":true,"href":"https:\/\/www.csj-emballages.com\/es\/wp-json\/wp\/v2\/product_cat?post=249146"},{"taxonomy":"product_tag","embeddable":true,"href":"https:\/\/www.csj-emballages.com\/es\/wp-json\/wp\/v2\/product_tag?post=249146"}],"curies":[{"name":"wp","href":"https:\/\/api.w.org\/{rel}","templated":true}]}}