{"id":17580,"date":"2024-03-01T16:46:32","date_gmt":"2024-03-01T15:46:32","guid":{"rendered":"https:\/\/u15jnbdpoq.preview.infomaniak.website\/produit\/cajas-para-tartas-de-capas-254-x-254-x-305-cm-2\/"},"modified":"2026-04-30T02:17:38","modified_gmt":"2026-04-30T00:17:38","slug":"cajas-para-tartas-de-capas-254-x-254-x-305-cm-2","status":"publish","type":"product","link":"https:\/\/www.csj-emballages.com\/es\/produit\/cajas-para-tartas-de-capas-254-x-254-x-305-cm-2\/","title":{"rendered":"Caja de cart\u00f3n de colores para layer cake 25,4 x 25,4 x 30,5 cm"},"content":{"rendered":"<h2 class=\"p1 ai-optimize-27 ai-optimize-introduction\">Caja de tarta<\/h2>\n<hr>\n<h3 class=\"ai-optimize-28 ai-optimize-introduction\">Descripci\u00f3n de nuestra caja de cart\u00f3n de color layer cake 25,4 x 25,4 x 30,5 cm<\/h3>\n<p><!--more--><\/p>\n<p class=\"ai-optimize-31 ai-optimize-introduction\" data-start=\"287\" data-end=\"617\">Proteja y transporte sus tartas en <strong>capas<\/strong> con estilo gracias a esta <strong data-start=\"355\" data-end=\"382\">colorida caja de cart\u00f3n<\/strong> para tartas <strong data-start=\"355\" data-end=\"382\">en capas<\/strong>, especialmente dise\u00f1ada para tartas altas que suelen ser fr\u00e1giles de manipular. Sus generosas dimensiones de <strong>325,4 x 25,4 x 30,5 cm<\/strong> hacen que sea f\u00e1cil acomodar una tarta por pisos, garantizando al mismo tiempo que se mantenga en su sitio durante el transporte. <\/p>\n<p class=\"ai-optimize-32\" data-start=\"619\" data-end=\"1062\">Fabricada en <strong data-start=\"632\" data-end=\"649\">cart\u00f3n r\u00edgido<\/strong>, esta <strong>caja<\/strong> combina <strong data-start=\"669\" data-end=\"695\">solidez y est\u00e9tica<\/strong>. Ofrece una estructura fiable que mantiene el pastel firmemente en su sitio, incluso en viajes largos o agitados. Es ideal para pasteleros profesionales, empresas de catering o incluso particulares apasionados por el dise\u00f1o de tartas. Su <strong data-start=\"929\" data-end=\"946\">colorido dise\u00f1o<\/strong> a\u00f1ade un toque festivo, perfecto para bodas, cumplea\u00f1os, baby showers u otros eventos gourmet.   <\/p>\n<p class=\"ai-optimize-33\" data-start=\"1064\" data-end=\"1313\">F\u00e1cil de montar, se pliega y cierra r\u00e1pidamente gracias a sus <strong data-start=\"1129\" data-end=\"1151\">ingeniosas solapas y a su tapa<\/strong> <strong data-start=\"1165\" data-end=\"1182\">que ahorra tiempo<\/strong>. El interior es neutro y apto para el contacto con alimentos, cumpliendo las normas de higiene sin comprometer la est\u00e9tica. Adem\u00e1s, es reciclable y biodegradable.  <\/p>\n<p class=\"ai-optimize-34\" data-start=\"1315\" data-end=\"1571\">Tanto si es un chef pastelero como un aficionado entusiasta, esta <strong data-start=\"355\" data-end=\"382\">colorida caja de cart\u00f3n para tartas en capas<\/strong> es la forma ideal de realzar y proteger sus creaciones. Esta <strong>caja para tartas alta<\/strong> no solo te permite transportar tus tartas con total confianza, sino que tambi\u00e9n realza su atractivo visual desde el momento en que la abres. <\/p>\n<p>&nbsp;<\/p>\n<p><!--more--><\/p>\n<h4 class=\"ai-optimize-29 ai-optimize-introduction\">Ventajas:<\/h4>\n<ul>\n<li class=\"ai-optimize-35\">Adecuado para tartas de capas altas.<\/li>\n<li class=\"ai-optimize-36\">Cart\u00f3n fuerte y r\u00edgido.<\/li>\n<li class=\"ai-optimize-37\">Est\u00e9tica colorista para una presentaci\u00f3n cuidada.<\/li>\n<li class=\"ai-optimize-38\">F\u00e1cil de montar y cerrar.<\/li>\n<li class=\"ai-optimize-39\">Adecuado tanto para uso profesional como privado.<\/li>\n<\/ul>\n<p>&nbsp;<\/p>\n<p><!--more--><\/p>\n<h4 class=\"ai-optimize-30\">Informaci\u00f3n adicional :<\/h4>\n<ul>\n<li class=\"ai-optimize-40\"><strong>Embalaje<\/strong>: Por unidad<\/li>\n<li class=\"ai-optimize-41\"><strong>Dimensiones<\/strong>: 25,4 x 25,4 x 30,5 (L x A x A en cm)<\/li>\n<li class=\"ai-optimize-42\"><strong>Material<\/strong>: Cart\u00f3n<\/li>\n<li class=\"ai-optimize-42\"><strong>Gramaje<\/strong>: 330 g\/m\u00b2.<\/li>\n<li class=\"ai-optimize-43\"><strong>Color<\/strong>: Blanco \/ Decorado<\/li>\n<\/ul>\n<p>&nbsp;<\/p>\n<p><!--more--><\/p>\n<p class=\"ai-optimize-47\">Esta caja tambi\u00e9n est\u00e1 disponible en un tama\u00f1o mayor 35,6 x 35,6 x 30,5 cm : <span style=\"color: #d12727;\"><a style=\"color: #d12727;\" href=\"https:\/\/www.csj-emballages.com\/es\/produit\/cajas-para-tartas-de-capas-254-x-254-x-305-cm\/\">WB3530<\/a><\/span><\/p>\n<p>&nbsp;<\/p>\n<p><!--more--><\/p>\n<p class=\"ai-optimize-48\"><a href=\"https:\/\/www.csj-emballages.com\/es\/categorie-produit\/envasado-de-alimentos\/panaderia-y-pasteleria\/cajas-y-estuches\/cajas-para-tartas\/\">Ver el resto de nuestra gama de moldes para layer cake<\/a><\/p>\n","protected":false},"excerpt":{"rendered":"<p>Caja de tarta Descripci\u00f3n de nuestra caja de cart\u00f3n de color layer cake 25,4 x 25,4 x 30,5 cm<\/p>\n","protected":false},"featured_media":236848,"template":"","meta":{"_acf_changed":false},"product_brand":[],"product_cat":[1150,1145,3868,10129],"product_tag":[],"class_list":{"0":"post-17580","1":"product","2":"type-product","3":"status-publish","4":"has-post-thumbnail","6":"product_cat-envasado-de-alimentos","7":"product_cat-panaderia-y-pasteleria","8":"product_cat-cajas-y-estuches","9":"product_cat-cajas-para-tartas","11":"first","12":"instock","13":"taxable","14":"shipping-taxable","15":"purchasable","16":"product-type-simple"},"acf":[],"yoast_head":"<!-- This site is optimized with the Yoast SEO Premium plugin v26.6 (Yoast SEO v26.6) - https:\/\/yoast.com\/wordpress\/plugins\/seo\/ -->\n<title>Caja de cart\u00f3n Layer Cake 25,4 x 25,4 x 30,5 cm<\/title>\n<meta name=\"description\" content=\"Caja para tartas en capas de cart\u00f3n de color 25,4 x 25,4 x 30,5 cm. Perfecta para transportar tus pasteles altos con seguridad y elegancia.\" \/>\n<meta name=\"robots\" content=\"index, follow, max-snippet:-1, max-image-preview:large, max-video-preview:-1\" \/>\n<link rel=\"canonical\" href=\"https:\/\/www.csj-emballages.com\/es\/produit\/cajas-para-tartas-de-capas-254-x-254-x-305-cm-2\/\" \/>\n<meta property=\"og:locale\" content=\"es_ES\" \/>\n<meta property=\"og:type\" content=\"article\" \/>\n<meta property=\"og:title\" content=\"Caja de cart\u00f3n de colores para layer cake 25,4 x 25,4 x 30,5 cm\" \/>\n<meta property=\"og:description\" content=\"Caja para tartas en capas de cart\u00f3n de color 25,4 x 25,4 x 30,5 cm. Perfecta para transportar tus pasteles altos con seguridad y elegancia.\" \/>\n<meta property=\"og:url\" content=\"https:\/\/www.csj-emballages.com\/es\/produit\/cajas-para-tartas-de-capas-254-x-254-x-305-cm-2\/\" \/>\n<meta property=\"og:site_name\" content=\"CSJ Emballages\" \/>\n<meta property=\"article:publisher\" content=\"https:\/\/www.facebook.com\/csjemballages\" \/>\n<meta property=\"article:modified_time\" content=\"2026-04-30T00:17:38+00:00\" \/>\n<meta property=\"og:image\" content=\"https:\/\/www.csj-emballages.com\/wp-content\/uploads\/2024\/03\/WB2530.webp\" \/>\n\t<meta property=\"og:image:width\" content=\"800\" \/>\n\t<meta property=\"og:image:height\" content=\"800\" \/>\n\t<meta property=\"og:image:type\" content=\"image\/png\" \/>\n<meta name=\"twitter:card\" content=\"summary_large_image\" \/>\n<meta name=\"twitter:label1\" content=\"Tiempo de lectura\" \/>\n\t<meta name=\"twitter:data1\" content=\"2 minutos\" \/>\n<script type=\"application\/ld+json\" class=\"yoast-schema-graph\">{\"@context\":\"https:\/\/schema.org\",\"@graph\":[{\"@type\":\"WebPage\",\"@id\":\"https:\/\/www.csj-emballages.com\/es\/produit\/cajas-para-tartas-de-capas-254-x-254-x-305-cm-2\/\",\"url\":\"https:\/\/www.csj-emballages.com\/es\/produit\/cajas-para-tartas-de-capas-254-x-254-x-305-cm-2\/\",\"name\":\"Caja de cart\u00f3n Layer Cake 25,4 x 25,4 x 30,5 cm\",\"isPartOf\":{\"@id\":\"https:\/\/www.csj-emballages.com\/es\/#website\"},\"primaryImageOfPage\":{\"@id\":\"https:\/\/www.csj-emballages.com\/es\/produit\/cajas-para-tartas-de-capas-254-x-254-x-305-cm-2\/#primaryimage\"},\"image\":{\"@id\":\"https:\/\/www.csj-emballages.com\/es\/produit\/cajas-para-tartas-de-capas-254-x-254-x-305-cm-2\/#primaryimage\"},\"thumbnailUrl\":\"https:\/\/www.csj-emballages.com\/wp-content\/uploads\/2024\/03\/WB2530.webp\",\"datePublished\":\"2024-03-01T15:46:32+00:00\",\"dateModified\":\"2026-04-30T00:17:38+00:00\",\"description\":\"Caja para tartas en capas de cart\u00f3n de color 25,4 x 25,4 x 30,5 cm. Perfecta para transportar tus pasteles altos con seguridad y elegancia.\",\"breadcrumb\":{\"@id\":\"https:\/\/www.csj-emballages.com\/es\/produit\/cajas-para-tartas-de-capas-254-x-254-x-305-cm-2\/#breadcrumb\"},\"inLanguage\":\"es\",\"potentialAction\":[{\"@type\":\"ReadAction\",\"target\":[\"https:\/\/www.csj-emballages.com\/es\/produit\/cajas-para-tartas-de-capas-254-x-254-x-305-cm-2\/\"]}]},{\"@type\":\"ImageObject\",\"inLanguage\":\"es\",\"@id\":\"https:\/\/www.csj-emballages.com\/es\/produit\/cajas-para-tartas-de-capas-254-x-254-x-305-cm-2\/#primaryimage\",\"url\":\"https:\/\/www.csj-emballages.com\/wp-content\/uploads\/2024\/03\/WB2530.webp\",\"contentUrl\":\"https:\/\/www.csj-emballages.com\/wp-content\/uploads\/2024\/03\/WB2530.webp\",\"width\":800,\"height\":800,\"caption\":\"Boite layer cake\"},{\"@type\":\"BreadcrumbList\",\"@id\":\"https:\/\/www.csj-emballages.com\/es\/produit\/cajas-para-tartas-de-capas-254-x-254-x-305-cm-2\/#breadcrumb\",\"itemListElement\":[{\"@type\":\"ListItem\",\"position\":1,\"name\":\"Accueil\",\"item\":\"https:\/\/www.csj-emballages.com\/es\/universo-del-envasado-alimentario\/\"},{\"@type\":\"ListItem\",\"position\":2,\"name\":\"Tienda\",\"item\":\"https:\/\/www.csj-emballages.com\/tienda\/\"},{\"@type\":\"ListItem\",\"position\":3,\"name\":\"Caja de cart\u00f3n de colores para layer cake 25,4 x 25,4 x 30,5 cm\"}]},{\"@type\":\"WebSite\",\"@id\":\"https:\/\/www.csj-emballages.com\/es\/#website\",\"url\":\"https:\/\/www.csj-emballages.com\/es\/\",\"name\":\"CSJ Emballages\",\"description\":\"\",\"publisher\":{\"@id\":\"https:\/\/www.csj-emballages.com\/es\/#organization\"},\"potentialAction\":[{\"@type\":\"SearchAction\",\"target\":{\"@type\":\"EntryPoint\",\"urlTemplate\":\"https:\/\/www.csj-emballages.com\/es\/?s={search_term_string}\"},\"query-input\":{\"@type\":\"PropertyValueSpecification\",\"valueRequired\":true,\"valueName\":\"search_term_string\"}}],\"inLanguage\":\"es\"},{\"@type\":\"Organization\",\"@id\":\"https:\/\/www.csj-emballages.com\/es\/#Organization\/\",\"name\":\"CSJ Emballages\",\"url\":\"https:\/\/www.csj-emballages.com\/es\/\",\"logo\":{\"@type\":\"ImageObject\",\"inLanguage\":\"es\",\"@id\":\"https:\/\/www.csj-emballages.com\/es\/#\/schema\/logo\/image\/\",\"url\":\"https:\/\/www.csj-emballages.com\/wp-content\/uploads\/2023\/10\/logo_csj.webp\",\"contentUrl\":\"https:\/\/www.csj-emballages.com\/wp-content\/uploads\/2023\/10\/logo_csj.webp\",\"width\":250,\"height\":95,\"caption\":\"CSJ Emballages\"},\"image\":{\"@id\":\"https:\/\/www.csj-emballages.com\/es\/#\/schema\/logo\/image\/\"},\"sameAs\":[\"https:\/\/www.facebook.com\/csjemballages\"],\"address\":{\"@type\":\"PostalAddress\",\"streetAddress\":\"ZI La Lechere\",\"addressLocality\":\"Patornay\",\"postalCode\":\"39130\",\"addressCountry\":\"FR\"},\"contactPoint\":[{\"@type\":\"ContactPoint\",\"contactType\":\"Service client\",\"telephone\":\"0384254272\",\"email\":\"contact@csj-emballages.com\"}]}]}<\/script>\n<!-- \/ Yoast SEO Premium plugin. -->","yoast_head_json":{"title":"Caja de cart\u00f3n Layer Cake 25,4 x 25,4 x 30,5 cm","description":"Caja para tartas en capas de cart\u00f3n de color 25,4 x 25,4 x 30,5 cm. Perfecta para transportar tus pasteles altos con seguridad y elegancia.","robots":{"index":"index","follow":"follow","max-snippet":"max-snippet:-1","max-image-preview":"max-image-preview:large","max-video-preview":"max-video-preview:-1"},"canonical":"https:\/\/www.csj-emballages.com\/es\/produit\/cajas-para-tartas-de-capas-254-x-254-x-305-cm-2\/","og_locale":"es_ES","og_type":"article","og_title":"Caja de cart\u00f3n de colores para layer cake 25,4 x 25,4 x 30,5 cm","og_description":"Caja para tartas en capas de cart\u00f3n de color 25,4 x 25,4 x 30,5 cm. Perfecta para transportar tus pasteles altos con seguridad y elegancia.","og_url":"https:\/\/www.csj-emballages.com\/es\/produit\/cajas-para-tartas-de-capas-254-x-254-x-305-cm-2\/","og_site_name":"CSJ Emballages","article_publisher":"https:\/\/www.facebook.com\/csjemballages","article_modified_time":"2026-04-30T00:17:38+00:00","og_image":[{"width":800,"height":800,"url":"https:\/\/www.csj-emballages.com\/wp-content\/uploads\/2024\/03\/WB2530.webp","type":"image\/png"}],"twitter_card":"summary_large_image","twitter_misc":{"Tiempo de lectura":"2 minutos"},"schema":{"@context":"https:\/\/schema.org","@graph":[{"@type":"WebPage","@id":"https:\/\/www.csj-emballages.com\/es\/produit\/cajas-para-tartas-de-capas-254-x-254-x-305-cm-2\/","url":"https:\/\/www.csj-emballages.com\/es\/produit\/cajas-para-tartas-de-capas-254-x-254-x-305-cm-2\/","name":"Caja de cart\u00f3n Layer Cake 25,4 x 25,4 x 30,5 cm","isPartOf":{"@id":"https:\/\/www.csj-emballages.com\/es\/#website"},"primaryImageOfPage":{"@id":"https:\/\/www.csj-emballages.com\/es\/produit\/cajas-para-tartas-de-capas-254-x-254-x-305-cm-2\/#primaryimage"},"image":{"@id":"https:\/\/www.csj-emballages.com\/es\/produit\/cajas-para-tartas-de-capas-254-x-254-x-305-cm-2\/#primaryimage"},"thumbnailUrl":"https:\/\/www.csj-emballages.com\/wp-content\/uploads\/2024\/03\/WB2530.webp","datePublished":"2024-03-01T15:46:32+00:00","dateModified":"2026-04-30T00:17:38+00:00","description":"Caja para tartas en capas de cart\u00f3n de color 25,4 x 25,4 x 30,5 cm. Perfecta para transportar tus pasteles altos con seguridad y elegancia.","breadcrumb":{"@id":"https:\/\/www.csj-emballages.com\/es\/produit\/cajas-para-tartas-de-capas-254-x-254-x-305-cm-2\/#breadcrumb"},"inLanguage":"es","potentialAction":[{"@type":"ReadAction","target":["https:\/\/www.csj-emballages.com\/es\/produit\/cajas-para-tartas-de-capas-254-x-254-x-305-cm-2\/"]}]},{"@type":"ImageObject","inLanguage":"es","@id":"https:\/\/www.csj-emballages.com\/es\/produit\/cajas-para-tartas-de-capas-254-x-254-x-305-cm-2\/#primaryimage","url":"https:\/\/www.csj-emballages.com\/wp-content\/uploads\/2024\/03\/WB2530.webp","contentUrl":"https:\/\/www.csj-emballages.com\/wp-content\/uploads\/2024\/03\/WB2530.webp","width":800,"height":800,"caption":"Boite layer cake"},{"@type":"BreadcrumbList","@id":"https:\/\/www.csj-emballages.com\/es\/produit\/cajas-para-tartas-de-capas-254-x-254-x-305-cm-2\/#breadcrumb","itemListElement":[{"@type":"ListItem","position":1,"name":"Accueil","item":"https:\/\/www.csj-emballages.com\/es\/universo-del-envasado-alimentario\/"},{"@type":"ListItem","position":2,"name":"Tienda","item":"https:\/\/www.csj-emballages.com\/tienda\/"},{"@type":"ListItem","position":3,"name":"Caja de cart\u00f3n de colores para layer cake 25,4 x 25,4 x 30,5 cm"}]},{"@type":"WebSite","@id":"https:\/\/www.csj-emballages.com\/es\/#website","url":"https:\/\/www.csj-emballages.com\/es\/","name":"CSJ Emballages","description":"","publisher":{"@id":"https:\/\/www.csj-emballages.com\/es\/#organization"},"potentialAction":[{"@type":"SearchAction","target":{"@type":"EntryPoint","urlTemplate":"https:\/\/www.csj-emballages.com\/es\/?s={search_term_string}"},"query-input":{"@type":"PropertyValueSpecification","valueRequired":true,"valueName":"search_term_string"}}],"inLanguage":"es"},{"@type":"Organization","@id":"https:\/\/www.csj-emballages.com\/es\/#Organization\/","name":"CSJ Emballages","url":"https:\/\/www.csj-emballages.com\/es\/","logo":{"@type":"ImageObject","inLanguage":"es","@id":"https:\/\/www.csj-emballages.com\/es\/#\/schema\/logo\/image\/","url":"https:\/\/www.csj-emballages.com\/wp-content\/uploads\/2023\/10\/logo_csj.webp","contentUrl":"https:\/\/www.csj-emballages.com\/wp-content\/uploads\/2023\/10\/logo_csj.webp","width":250,"height":95,"caption":"CSJ Emballages"},"image":{"@id":"https:\/\/www.csj-emballages.com\/es\/#\/schema\/logo\/image\/"},"sameAs":["https:\/\/www.facebook.com\/csjemballages"],"address":{"@type":"PostalAddress","streetAddress":"ZI La Lechere","addressLocality":"Patornay","postalCode":"39130","addressCountry":"FR"},"contactPoint":[{"@type":"ContactPoint","contactType":"Service client","telephone":"0384254272","email":"contact@csj-emballages.com"}]}]}},"df_price":1.79,"df_sale_price":"","df_regular_price":1.79,"df_image_link":"https:\/\/www.csj-emballages.com\/wp-content\/uploads\/2024\/03\/WB2530-300x300.webp","tiered_pricing_type":"fixed","tiered_pricing_fixed_rules":[],"tiered_pricing_percentage_rules":[],"tiered_pricing_minimum":1,"tiered_pricing_roles_data":[],"_links":{"self":[{"href":"https:\/\/www.csj-emballages.com\/es\/wp-json\/wp\/v2\/product\/17580","targetHints":{"allow":["GET"]}}],"collection":[{"href":"https:\/\/www.csj-emballages.com\/es\/wp-json\/wp\/v2\/product"}],"about":[{"href":"https:\/\/www.csj-emballages.com\/es\/wp-json\/wp\/v2\/types\/product"}],"wp:featuredmedia":[{"embeddable":true,"href":"https:\/\/www.csj-emballages.com\/es\/wp-json\/wp\/v2\/media\/236848"}],"wp:attachment":[{"href":"https:\/\/www.csj-emballages.com\/es\/wp-json\/wp\/v2\/media?parent=17580"}],"wp:term":[{"taxonomy":"product_brand","embeddable":true,"href":"https:\/\/www.csj-emballages.com\/es\/wp-json\/wp\/v2\/product_brand?post=17580"},{"taxonomy":"product_cat","embeddable":true,"href":"https:\/\/www.csj-emballages.com\/es\/wp-json\/wp\/v2\/product_cat?post=17580"},{"taxonomy":"product_tag","embeddable":true,"href":"https:\/\/www.csj-emballages.com\/es\/wp-json\/wp\/v2\/product_tag?post=17580"}],"curies":[{"name":"wp","href":"https:\/\/api.w.org\/{rel}","templated":true}]}}