{"id":21077,"date":"2024-03-01T16:53:28","date_gmt":"2024-03-01T15:53:28","guid":{"rendered":"https:\/\/u15jnbdpoq.preview.infomaniak.website\/produit\/8-pappbecher-cest-la-fete-20-cl\/"},"modified":"2026-04-14T02:16:47","modified_gmt":"2026-04-14T00:16:47","slug":"8-pappbecher-cest-la-fete-20-cl","status":"publish","type":"product","link":"https:\/\/www.csj-emballages.com\/de\/produit\/8-pappbecher-cest-la-fete-20-cl\/","title":{"rendered":"Pappbecher \u201eEs ist Partyzeit\u201c 20 cl im 8er-Pack"},"content":{"rendered":"<h2>Pappbecher<\/h2>\n<hr>\n<h3>Pappbecher \u201eEs ist Partyzeit\u201c 20 cl im 8er-Pack<\/h3>\n<p><!--more--><\/p>\n<p data-start=\"80\" data-end=\"333\">Verleihen Sie Ihren Getr\u00e4nken eine festliche Atmosph\u00e4re mit diesem <strong>Pappbecher<\/strong> im einzigartigen und ansprechenden Design. Mit seinem eleganten schwarzen Hintergrund, gesprenkelt mit goldenen Akzenten und der Botschaft \u201e<strong>Es ist Partyzeit<\/strong>\u201c, verwandelt er jeden Ausschank in einen wahren Moment der Geselligkeit. <\/p>\n<p data-start=\"335\" data-end=\"600\">Ideal f\u00fcr all Ihre festlichen Anl\u00e4sse, dieser Becher bleibt nicht unbemerkt. Ob f\u00fcr einen Geburtstag, eine Party, ein Firmenevent oder eine Verkaufsaktion \u2013 er zieht sofort die Aufmerksamkeit auf sich und verst\u00e4rkt die fr\u00f6hliche Stimmung Ihrer Veranstaltung. <\/p>\n<p data-start=\"602\" data-end=\"822\">Sein Format von <strong>20 cl<\/strong> ist perfekt geeignet f\u00fcr Kaffee, Tee, hei\u00dfe Schokolade oder auch Kaltgetr\u00e4nke. Praktisch und widerstandsf\u00e4hig erm\u00f6glicht er einen schnellen Service bei gleichzeitig gepflegter und moderner Pr\u00e4sentation. <\/p>\n<p data-start=\"602\" data-end=\"822\">\n<p data-start=\"602\" data-end=\"822\"><!--more--><\/p>\n<h4 data-start=\"602\" data-end=\"822\">Vorteile :<\/h4>\n<ul>\n<li data-section-id=\"29k5b8\" data-start=\"1189\" data-end=\"1272\"><strong data-start=\"1194\" data-end=\"1224\">Festliches und wirkungsvolles Design<\/strong>: Botschaft \u201eEs ist Partyzeit\u201c mit Goldveredelung<\/li>\n<li data-section-id=\"ml6fcy\" data-start=\"1273\" data-end=\"1346\">Ideal f\u00fcr Hei\u00df- und Kaltgetr\u00e4nke<\/li>\n<li data-section-id=\"11sknjv\" data-start=\"1347\" data-end=\"1410\"><strong data-start=\"1354\" data-end=\"1368\">Vielseitig einsetzbar<\/strong>: Kaffee, Tee, hei\u00dfe Schokolade, S\u00e4fte, Softdrinks<\/li>\n<li data-section-id=\"t6d1yh\" data-start=\"1411\" data-end=\"1493\">Perfekt f\u00fcr Veranstaltungen oder den professionellen Einsatz<\/li>\n<li data-section-id=\"y7qxxe\" data-start=\"1494\" data-end=\"1564\">Verantwortungsvollere Alternative zu Plastik<\/li>\n<\/ul>\n<h3><\/h3>\n<p><!--more--><\/p>\n<h4>Weitere Informationen :<\/h4>\n<ul>\n<li><strong>Verpackung<\/strong>: Packung mit 8 St\u00fcck<\/li>\n<li><strong>Oberer Durchmesser<\/strong>: \u00d8 75 mm<\/li>\n<li><strong>Innerer Durchmesser<\/strong>: \u00d8 50 mm<\/li>\n<li><strong>H\u00f6he<\/strong>: 90 mm<\/li>\n<li><strong>Material<\/strong>: Karton<\/li>\n<li><strong>Farbe<\/strong>: Schwarz \/ Gold<\/li>\n<\/ul>\n<p>&nbsp;<\/p>\n<p><!--more--><\/p>\n<p><a href=\"https:\/\/www.csj-emballages.com\/de\/categorie-produit\/lebensmittelverpackungen\/restauration-de\/becher-glaser-eimer-flaschen\/pappbecher\/farbige-pappbecher\/\">Sehen Sie sich den Rest unseres Sortiments an farbigen Pappbechern an.<\/a><\/p>\n","protected":false},"excerpt":{"rendered":"<p>Pappbecher Pappbecher \u201eEs ist Partyzeit\u201c 20 cl im 8er-Pack<\/p>\n","protected":false},"featured_media":277071,"template":"","meta":{"_acf_changed":false},"product_brand":[],"product_cat":[1469,2705],"product_tag":[],"class_list":{"0":"post-21077","1":"product","2":"type-product","3":"status-publish","4":"has-post-thumbnail","6":"product_cat-becher-glaser-eimer-flaschen","7":"product_cat-farbige-pappbecher","9":"first","10":"instock","11":"sale","12":"taxable","13":"shipping-taxable","14":"purchasable","15":"product-type-simple"},"acf":[],"yoast_head":"<!-- This site is optimized with the Yoast SEO Premium plugin v26.6 (Yoast SEO v26.6) - https:\/\/yoast.com\/wordpress\/plugins\/seo\/ -->\n<title>Pappbecher \u201eEs ist Partyzeit\u201c 20 cl im 8er-Pack<\/title>\n<meta name=\"description\" content=\"Pappbecher \u201eEs ist Partyzeit\u201c 20 cl: festliches Design in Schwarz und Gold, ideal f\u00fcr Hei\u00df- oder Kaltgetr\u00e4nke. Perfekt f\u00fcr Veranstaltungen und Geburtstage.\" \/>\n<meta name=\"robots\" content=\"index, follow, max-snippet:-1, max-image-preview:large, max-video-preview:-1\" \/>\n<link rel=\"canonical\" href=\"https:\/\/www.csj-emballages.com\/de\/produit\/8-pappbecher-cest-la-fete-20-cl\/\" \/>\n<meta property=\"og:locale\" content=\"de_DE\" \/>\n<meta property=\"og:type\" content=\"article\" \/>\n<meta property=\"og:title\" content=\"Pappbecher \u201eEs ist Partyzeit\u201c 20 cl im 8er-Pack\" \/>\n<meta property=\"og:description\" content=\"Pappbecher \u201eEs ist Partyzeit\u201c 20 cl: festliches Design in Schwarz und Gold, ideal f\u00fcr Hei\u00df- oder Kaltgetr\u00e4nke. Perfekt f\u00fcr Veranstaltungen und Geburtstage.\" \/>\n<meta property=\"og:url\" content=\"https:\/\/www.csj-emballages.com\/de\/produit\/8-pappbecher-cest-la-fete-20-cl\/\" \/>\n<meta property=\"og:site_name\" content=\"CSJ Emballages\" \/>\n<meta property=\"article:publisher\" content=\"https:\/\/www.facebook.com\/csjemballages\" \/>\n<meta property=\"article:modified_time\" content=\"2026-04-14T00:16:47+00:00\" \/>\n<meta property=\"og:image\" content=\"https:\/\/www.csj-emballages.com\/wp-content\/uploads\/2024\/03\/GM20FETE.webp\" \/>\n\t<meta property=\"og:image:width\" content=\"800\" \/>\n\t<meta property=\"og:image:height\" content=\"800\" \/>\n\t<meta property=\"og:image:type\" content=\"image\/webp\" \/>\n<meta name=\"twitter:card\" content=\"summary_large_image\" \/>\n<meta name=\"twitter:label1\" content=\"Gesch\u00e4tzte Lesezeit\" \/>\n\t<meta name=\"twitter:data1\" content=\"1\u00a0Minute\" \/>\n<script type=\"application\/ld+json\" class=\"yoast-schema-graph\">{\"@context\":\"https:\/\/schema.org\",\"@graph\":[{\"@type\":\"WebPage\",\"@id\":\"https:\/\/www.csj-emballages.com\/de\/produit\/8-pappbecher-cest-la-fete-20-cl\/\",\"url\":\"https:\/\/www.csj-emballages.com\/de\/produit\/8-pappbecher-cest-la-fete-20-cl\/\",\"name\":\"Pappbecher \u201eEs ist Partyzeit\u201c 20 cl im 8er-Pack\",\"isPartOf\":{\"@id\":\"https:\/\/www.csj-emballages.com\/de\/#website\"},\"primaryImageOfPage\":{\"@id\":\"https:\/\/www.csj-emballages.com\/de\/produit\/8-pappbecher-cest-la-fete-20-cl\/#primaryimage\"},\"image\":{\"@id\":\"https:\/\/www.csj-emballages.com\/de\/produit\/8-pappbecher-cest-la-fete-20-cl\/#primaryimage\"},\"thumbnailUrl\":\"https:\/\/www.csj-emballages.com\/wp-content\/uploads\/2024\/03\/GM20FETE.webp\",\"datePublished\":\"2024-03-01T15:53:28+00:00\",\"dateModified\":\"2026-04-14T00:16:47+00:00\",\"description\":\"Pappbecher \u201eEs ist Partyzeit\u201c 20 cl: festliches Design in Schwarz und Gold, ideal f\u00fcr Hei\u00df- oder Kaltgetr\u00e4nke. Perfekt f\u00fcr Veranstaltungen und Geburtstage.\",\"breadcrumb\":{\"@id\":\"https:\/\/www.csj-emballages.com\/de\/produit\/8-pappbecher-cest-la-fete-20-cl\/#breadcrumb\"},\"inLanguage\":\"de\",\"potentialAction\":[{\"@type\":\"ReadAction\",\"target\":[\"https:\/\/www.csj-emballages.com\/de\/produit\/8-pappbecher-cest-la-fete-20-cl\/\"]}]},{\"@type\":\"ImageObject\",\"inLanguage\":\"de\",\"@id\":\"https:\/\/www.csj-emballages.com\/de\/produit\/8-pappbecher-cest-la-fete-20-cl\/#primaryimage\",\"url\":\"https:\/\/www.csj-emballages.com\/wp-content\/uploads\/2024\/03\/GM20FETE.webp\",\"contentUrl\":\"https:\/\/www.csj-emballages.com\/wp-content\/uploads\/2024\/03\/GM20FETE.webp\",\"width\":800,\"height\":800,\"caption\":\"Gobelet carton\"},{\"@type\":\"BreadcrumbList\",\"@id\":\"https:\/\/www.csj-emballages.com\/de\/produit\/8-pappbecher-cest-la-fete-20-cl\/#breadcrumb\",\"itemListElement\":[{\"@type\":\"ListItem\",\"position\":1,\"name\":\"Accueil\",\"item\":\"https:\/\/www.csj-emballages.com\/de\/universum-lebensmittelverpackungen\/\"},{\"@type\":\"ListItem\",\"position\":2,\"name\":\"Shop\",\"item\":\"https:\/\/www.csj-emballages.com\/shop\/\"},{\"@type\":\"ListItem\",\"position\":3,\"name\":\"Pappbecher \u201eEs ist Partyzeit\u201c 20 cl im 8er-Pack\"}]},{\"@type\":\"WebSite\",\"@id\":\"https:\/\/www.csj-emballages.com\/de\/#website\",\"url\":\"https:\/\/www.csj-emballages.com\/de\/\",\"name\":\"CSJ Emballages\",\"description\":\"\",\"publisher\":{\"@id\":\"https:\/\/www.csj-emballages.com\/de\/#organization\"},\"potentialAction\":[{\"@type\":\"SearchAction\",\"target\":{\"@type\":\"EntryPoint\",\"urlTemplate\":\"https:\/\/www.csj-emballages.com\/de\/?s={search_term_string}\"},\"query-input\":{\"@type\":\"PropertyValueSpecification\",\"valueRequired\":true,\"valueName\":\"search_term_string\"}}],\"inLanguage\":\"de\"},{\"@type\":\"Organization\",\"@id\":\"https:\/\/www.csj-emballages.com\/de\/#Organization\/\",\"name\":\"CSJ Emballages\",\"url\":\"https:\/\/www.csj-emballages.com\/de\/\",\"logo\":{\"@type\":\"ImageObject\",\"inLanguage\":\"de\",\"@id\":\"https:\/\/www.csj-emballages.com\/de\/#\/schema\/logo\/image\/\",\"url\":\"https:\/\/www.csj-emballages.com\/wp-content\/uploads\/2023\/10\/logo_csj.webp\",\"contentUrl\":\"https:\/\/www.csj-emballages.com\/wp-content\/uploads\/2023\/10\/logo_csj.webp\",\"width\":250,\"height\":95,\"caption\":\"CSJ Emballages\"},\"image\":{\"@id\":\"https:\/\/www.csj-emballages.com\/de\/#\/schema\/logo\/image\/\"},\"sameAs\":[\"https:\/\/www.facebook.com\/csjemballages\"],\"address\":{\"@type\":\"PostalAddress\",\"streetAddress\":\"ZI La Lechere\",\"addressLocality\":\"Patornay\",\"postalCode\":\"39130\",\"addressCountry\":\"FR\"},\"contactPoint\":[{\"@type\":\"ContactPoint\",\"contactType\":\"Service client\",\"telephone\":\"0384254272\",\"email\":\"contact@csj-emballages.com\"}]}]}<\/script>\n<!-- \/ Yoast SEO Premium plugin. -->","yoast_head_json":{"title":"Pappbecher \u201eEs ist Partyzeit\u201c 20 cl im 8er-Pack","description":"Pappbecher \u201eEs ist Partyzeit\u201c 20 cl: festliches Design in Schwarz und Gold, ideal f\u00fcr Hei\u00df- oder Kaltgetr\u00e4nke. Perfekt f\u00fcr Veranstaltungen und Geburtstage.","robots":{"index":"index","follow":"follow","max-snippet":"max-snippet:-1","max-image-preview":"max-image-preview:large","max-video-preview":"max-video-preview:-1"},"canonical":"https:\/\/www.csj-emballages.com\/de\/produit\/8-pappbecher-cest-la-fete-20-cl\/","og_locale":"de_DE","og_type":"article","og_title":"Pappbecher \u201eEs ist Partyzeit\u201c 20 cl im 8er-Pack","og_description":"Pappbecher \u201eEs ist Partyzeit\u201c 20 cl: festliches Design in Schwarz und Gold, ideal f\u00fcr Hei\u00df- oder Kaltgetr\u00e4nke. Perfekt f\u00fcr Veranstaltungen und Geburtstage.","og_url":"https:\/\/www.csj-emballages.com\/de\/produit\/8-pappbecher-cest-la-fete-20-cl\/","og_site_name":"CSJ Emballages","article_publisher":"https:\/\/www.facebook.com\/csjemballages","article_modified_time":"2026-04-14T00:16:47+00:00","og_image":[{"width":800,"height":800,"url":"https:\/\/www.csj-emballages.com\/wp-content\/uploads\/2024\/03\/GM20FETE.webp","type":"image\/webp"}],"twitter_card":"summary_large_image","twitter_misc":{"Gesch\u00e4tzte Lesezeit":"1\u00a0Minute"},"schema":{"@context":"https:\/\/schema.org","@graph":[{"@type":"WebPage","@id":"https:\/\/www.csj-emballages.com\/de\/produit\/8-pappbecher-cest-la-fete-20-cl\/","url":"https:\/\/www.csj-emballages.com\/de\/produit\/8-pappbecher-cest-la-fete-20-cl\/","name":"Pappbecher \u201eEs ist Partyzeit\u201c 20 cl im 8er-Pack","isPartOf":{"@id":"https:\/\/www.csj-emballages.com\/de\/#website"},"primaryImageOfPage":{"@id":"https:\/\/www.csj-emballages.com\/de\/produit\/8-pappbecher-cest-la-fete-20-cl\/#primaryimage"},"image":{"@id":"https:\/\/www.csj-emballages.com\/de\/produit\/8-pappbecher-cest-la-fete-20-cl\/#primaryimage"},"thumbnailUrl":"https:\/\/www.csj-emballages.com\/wp-content\/uploads\/2024\/03\/GM20FETE.webp","datePublished":"2024-03-01T15:53:28+00:00","dateModified":"2026-04-14T00:16:47+00:00","description":"Pappbecher \u201eEs ist Partyzeit\u201c 20 cl: festliches Design in Schwarz und Gold, ideal f\u00fcr Hei\u00df- oder Kaltgetr\u00e4nke. Perfekt f\u00fcr Veranstaltungen und Geburtstage.","breadcrumb":{"@id":"https:\/\/www.csj-emballages.com\/de\/produit\/8-pappbecher-cest-la-fete-20-cl\/#breadcrumb"},"inLanguage":"de","potentialAction":[{"@type":"ReadAction","target":["https:\/\/www.csj-emballages.com\/de\/produit\/8-pappbecher-cest-la-fete-20-cl\/"]}]},{"@type":"ImageObject","inLanguage":"de","@id":"https:\/\/www.csj-emballages.com\/de\/produit\/8-pappbecher-cest-la-fete-20-cl\/#primaryimage","url":"https:\/\/www.csj-emballages.com\/wp-content\/uploads\/2024\/03\/GM20FETE.webp","contentUrl":"https:\/\/www.csj-emballages.com\/wp-content\/uploads\/2024\/03\/GM20FETE.webp","width":800,"height":800,"caption":"Gobelet carton"},{"@type":"BreadcrumbList","@id":"https:\/\/www.csj-emballages.com\/de\/produit\/8-pappbecher-cest-la-fete-20-cl\/#breadcrumb","itemListElement":[{"@type":"ListItem","position":1,"name":"Accueil","item":"https:\/\/www.csj-emballages.com\/de\/universum-lebensmittelverpackungen\/"},{"@type":"ListItem","position":2,"name":"Shop","item":"https:\/\/www.csj-emballages.com\/shop\/"},{"@type":"ListItem","position":3,"name":"Pappbecher \u201eEs ist Partyzeit\u201c 20 cl im 8er-Pack"}]},{"@type":"WebSite","@id":"https:\/\/www.csj-emballages.com\/de\/#website","url":"https:\/\/www.csj-emballages.com\/de\/","name":"CSJ Emballages","description":"","publisher":{"@id":"https:\/\/www.csj-emballages.com\/de\/#organization"},"potentialAction":[{"@type":"SearchAction","target":{"@type":"EntryPoint","urlTemplate":"https:\/\/www.csj-emballages.com\/de\/?s={search_term_string}"},"query-input":{"@type":"PropertyValueSpecification","valueRequired":true,"valueName":"search_term_string"}}],"inLanguage":"de"},{"@type":"Organization","@id":"https:\/\/www.csj-emballages.com\/de\/#Organization\/","name":"CSJ Emballages","url":"https:\/\/www.csj-emballages.com\/de\/","logo":{"@type":"ImageObject","inLanguage":"de","@id":"https:\/\/www.csj-emballages.com\/de\/#\/schema\/logo\/image\/","url":"https:\/\/www.csj-emballages.com\/wp-content\/uploads\/2023\/10\/logo_csj.webp","contentUrl":"https:\/\/www.csj-emballages.com\/wp-content\/uploads\/2023\/10\/logo_csj.webp","width":250,"height":95,"caption":"CSJ Emballages"},"image":{"@id":"https:\/\/www.csj-emballages.com\/de\/#\/schema\/logo\/image\/"},"sameAs":["https:\/\/www.facebook.com\/csjemballages"],"address":{"@type":"PostalAddress","streetAddress":"ZI La Lechere","addressLocality":"Patornay","postalCode":"39130","addressCountry":"FR"},"contactPoint":[{"@type":"ContactPoint","contactType":"Service client","telephone":"0384254272","email":"contact@csj-emballages.com"}]}]}},"df_price":2.13,"df_sale_price":2.13,"df_regular_price":2.66,"df_image_link":"https:\/\/www.csj-emballages.com\/wp-content\/uploads\/2024\/03\/GM20FETE-300x300.webp","tiered_pricing_type":"fixed","tiered_pricing_fixed_rules":[],"tiered_pricing_percentage_rules":[],"tiered_pricing_minimum":1,"tiered_pricing_roles_data":[],"_links":{"self":[{"href":"https:\/\/www.csj-emballages.com\/de\/wp-json\/wp\/v2\/product\/21077","targetHints":{"allow":["GET"]}}],"collection":[{"href":"https:\/\/www.csj-emballages.com\/de\/wp-json\/wp\/v2\/product"}],"about":[{"href":"https:\/\/www.csj-emballages.com\/de\/wp-json\/wp\/v2\/types\/product"}],"wp:featuredmedia":[{"embeddable":true,"href":"https:\/\/www.csj-emballages.com\/de\/wp-json\/wp\/v2\/media\/277071"}],"wp:attachment":[{"href":"https:\/\/www.csj-emballages.com\/de\/wp-json\/wp\/v2\/media?parent=21077"}],"wp:term":[{"taxonomy":"product_brand","embeddable":true,"href":"https:\/\/www.csj-emballages.com\/de\/wp-json\/wp\/v2\/product_brand?post=21077"},{"taxonomy":"product_cat","embeddable":true,"href":"https:\/\/www.csj-emballages.com\/de\/wp-json\/wp\/v2\/product_cat?post=21077"},{"taxonomy":"product_tag","embeddable":true,"href":"https:\/\/www.csj-emballages.com\/de\/wp-json\/wp\/v2\/product_tag?post=21077"}],"curies":[{"name":"wp","href":"https:\/\/api.w.org\/{rel}","templated":true}]}}