{"id":18732,"date":"2024-03-01T16:59:21","date_gmt":"2024-03-01T15:59:21","guid":{"rendered":"https:\/\/u15jnbdpoq.preview.infomaniak.website\/produit\/besen-mit-gerader-weicher-tuelle-blau-40-cm\/"},"modified":"2026-03-12T16:06:54","modified_gmt":"2026-03-12T15:06:54","slug":"besen-mit-gerader-weicher-tuelle-blau-40-cm","status":"publish","type":"product","link":"https:\/\/www.csj-emballages.com\/de\/produit\/besen-mit-gerader-weicher-tuelle-blau-40-cm\/","title":{"rendered":"Blauer, flexibler, abgewinkelter Besenkopf, 40 cm"},"content":{"rendered":"<h2>Besen<\/h2>\n<hr>\n<h3>Beschreibung unseres flexiblen Besens mit schr\u00e4ger Stielaufnahme, blau, 40 cm<!--more--><\/h3>\n<div class=\"flex max-w-full flex-col flex-grow\">\n<div class=\"min-h-8 text-message flex w-full flex-col items-end gap-2 whitespace-normal break-words text-start [.text-message+&amp;]:mt-5\" dir=\"auto\" data-message-author-role=\"assistant\" data-message-id=\"266ca6f3-5e07-4948-bd20-80ac5e6da4a5\" data-message-model-slug=\"gpt-4o\">\n<div class=\"flex w-full flex-col gap-1 empty:hidden first:pt-[3px]\">\n<div class=\"markdown prose w-full break-words dark:prose-invert dark\">\n<p data-start=\"261\" data-end=\"643\">Dieser <strong>Besen mit schr\u00e4ger Stielaufnahme<\/strong> <strong data-start=\"289\" data-end=\"298\">40 cm<\/strong> ist eindeutig darauf ausgelegt, die Reinigung einfacher und effizienter zu gestalten, selbst in komplizierten Bereichen. Dank seines schr\u00e4gen Winkels gleitet er m\u00fchelos an W\u00e4nden entlang, unter Ger\u00e4ten und in Ecken, ohne dass Sie Ihr Handgelenk \u00fcberanstrengen m\u00fcssen. Die Bewegung bleibt fl\u00fcssig, das Ergebnis ist pr\u00e4zise, und der Boden ist schneller sauber.  <\/p>\n<p data-start=\"645\" data-end=\"982\">Seine <strong>weichen Fasern<\/strong> fangen Staub, kleine Abf\u00e4lle und leichte R\u00fcckst\u00e4nde auf, ohne sie zu verteilen. Sie kehren effizient und bleiben dabei sanft genug, um Oberfl\u00e4chen nicht zu besch\u00e4digen. Dies ist ein echter Vorteil f\u00fcr den t\u00e4glichen Gebrauch, insbesondere in professionellen Umgebungen, wo Sauberkeit makellos sein muss.  <\/p>\n<p data-start=\"984\" data-end=\"1275\">Mit seiner <strong data-start=\"993\" data-end=\"1013\">Breite von 40 cm<\/strong> deckt dieser Besen bei jedem Durchgang eine gro\u00dfe Fl\u00e4che ab. Das Ergebnis: Sie sparen Zeit und Energie, besonders auf gro\u00dfen Fl\u00e4chen. Seine <strong>blaue Farbe<\/strong> erm\u00f6glicht zudem eine schnelle Identifizierung des Materials, praktisch f\u00fcr die Organisation der Reinigung nach Zonen oder Verwendungszweck.  <\/p>\n<p data-start=\"1277\" data-end=\"1555\">Die <strong>schr\u00e4ge Stielaufnahme<\/strong> gew\u00e4hrleistet eine gute Stabilit\u00e4t des Stiels und einen sp\u00fcrbaren Bedienkomfort, selbst bei l\u00e4ngerer Reinigung. Ob f\u00fcr eine Werkstatt, eine professionelle K\u00fcche, einen Technikraum oder einen Lagerbereich, dieser Besen passt sich leicht Ihren Bed\u00fcrfnissen an. <\/p>\n<p data-start=\"1557\" data-end=\"1701\">Zusammenfassend l\u00e4sst sich sagen, ist dies ein zuverl\u00e4ssiges, angenehm zu bedienendes Werkzeug, das Sie Tag f\u00fcr Tag effektiv bei Ihren Reinigungsaufgaben begleitet.<\/p>\n<p data-start=\"1557\" data-end=\"1701\">\n<\/div>\n<\/div>\n<\/div>\n<\/div>\n<p><!--more--><\/p>\n<h4>Vorteile :<\/h4>\n<ul>\n<li data-start=\"1705\" data-end=\"1748\"><strong>Schaumstofflippe<\/strong> <strong>wei\u00df<\/strong>, flexibel und effizient.<\/li>\n<li data-start=\"1751\" data-end=\"1798\"><strong>Breite 45 cm<\/strong>, ideal f\u00fcr schnelle Reinigung.<\/li>\n<li data-start=\"1801\" data-end=\"1834\">Lebensmittelkonform.<\/li>\n<li data-start=\"1837\" data-end=\"1875\">Hervorragende Fl\u00fcssigkeitsaufnahme.<\/li>\n<li data-start=\"1878\" data-end=\"1914\">Komfortable und pr\u00e4zise Handhabung.<\/li>\n<li data-start=\"1917\" data-end=\"1961\">Geeignet f\u00fcr professionelle Umgebungen.<\/li>\n<\/ul>\n<p>&nbsp;<\/p>\n<p><!--more--><\/p>\n<h4>Weitere Informationen :<\/h4>\n<ul>\n<li><strong>Verpackung<\/strong>: Einzeln verkauft<\/li>\n<li><strong>L\u00e4nge<\/strong>: 45 cm<\/li>\n<li><b>Farbe: <\/b>Wei\u00df<\/li>\n<li><strong>Nutzung<\/strong>: Lebensmittel<\/li>\n<\/ul>\n<p>&nbsp;<\/p>\n<p><!--more--><\/p>\n<p><a href=\"https:\/\/www.csj-emballages.com\/de\/categorie-produit\/hygiene-und-pflege\/bursten-und-besen\/raclette-de\/\">Sehen Sie sich den Rest unseres Raclette-Sortiments an.<\/a><\/p>\n","protected":false},"excerpt":{"rendered":"<p>Besen Beschreibung unseres flexiblen Besens mit schr\u00e4ger Stielaufnahme, blau, 40 cm<\/p>\n","protected":false},"featured_media":97988,"template":"","meta":{"_acf_changed":false},"product_brand":[],"product_cat":[1218,1449,1845,1846],"product_tag":[],"class_list":{"0":"post-18732","1":"product","2":"type-product","3":"status-publish","4":"has-post-thumbnail","6":"product_cat-hygiene-und-pflege","7":"product_cat-bursten-und-besen","8":"product_cat-besen-burste-staubwedel","9":"product_cat-besen-kehrblech-staubwedel","11":"first","12":"instock","13":"taxable","14":"shipping-taxable","15":"purchasable","16":"product-type-simple"},"acf":[],"yoast_head":"<!-- This site is optimized with the Yoast SEO Premium plugin v26.6 (Yoast SEO v26.6) - https:\/\/yoast.com\/wordpress\/plugins\/seo\/ -->\n<title>Flexibler Besen mit Schr\u00e4gaufnahme, Blau, 40 cm<\/title>\n<meta name=\"description\" content=\"Flexibler Besen mit schr\u00e4ger Stielaufnahme, blau, 40 cm, ideal f\u00fcr die professionelle Reinigung. Effizient, handlich und perfekt, um schwer zug\u00e4ngliche Bereiche zu erreichen.\" \/>\n<meta name=\"robots\" content=\"index, follow, max-snippet:-1, max-image-preview:large, max-video-preview:-1\" \/>\n<link rel=\"canonical\" href=\"https:\/\/www.csj-emballages.com\/de\/produit\/besen-mit-gerader-weicher-tuelle-blau-40-cm\/\" \/>\n<meta property=\"og:locale\" content=\"de_DE\" \/>\n<meta property=\"og:type\" content=\"article\" \/>\n<meta property=\"og:title\" content=\"Blauer, flexibler, abgewinkelter Besenkopf, 40 cm\" \/>\n<meta property=\"og:description\" content=\"Flexibler Besen mit schr\u00e4ger Stielaufnahme, blau, 40 cm, ideal f\u00fcr die professionelle Reinigung. Effizient, handlich und perfekt, um schwer zug\u00e4ngliche Bereiche zu erreichen.\" \/>\n<meta property=\"og:url\" content=\"https:\/\/www.csj-emballages.com\/de\/produit\/besen-mit-gerader-weicher-tuelle-blau-40-cm\/\" \/>\n<meta property=\"og:site_name\" content=\"CSJ Emballages\" \/>\n<meta property=\"article:publisher\" content=\"https:\/\/www.facebook.com\/csjemballages\" \/>\n<meta property=\"article:modified_time\" content=\"2026-03-12T15:06:54+00:00\" \/>\n<meta property=\"og:image\" content=\"https:\/\/www.csj-emballages.com\/wp-content\/uploads\/2024\/03\/balai-alimentaire-30cm-dur-douille-inclinee-jpg-e1726837250715.webp\" \/>\n\t<meta property=\"og:image:width\" content=\"800\" \/>\n\t<meta property=\"og:image:height\" content=\"800\" \/>\n\t<meta property=\"og:image:type\" content=\"image\/jpeg\" \/>\n<meta name=\"twitter:card\" content=\"summary_large_image\" \/>\n<meta name=\"twitter:label1\" content=\"Gesch\u00e4tzte Lesezeit\" \/>\n\t<meta name=\"twitter:data1\" content=\"2 Minuten\" \/>\n<script type=\"application\/ld+json\" class=\"yoast-schema-graph\">{\"@context\":\"https:\/\/schema.org\",\"@graph\":[{\"@type\":\"WebPage\",\"@id\":\"https:\/\/www.csj-emballages.com\/de\/produit\/besen-mit-gerader-weicher-tuelle-blau-40-cm\/\",\"url\":\"https:\/\/www.csj-emballages.com\/de\/produit\/besen-mit-gerader-weicher-tuelle-blau-40-cm\/\",\"name\":\"Flexibler Besen mit Schr\u00e4gaufnahme, Blau, 40 cm\",\"isPartOf\":{\"@id\":\"https:\/\/www.csj-emballages.com\/de\/#website\"},\"primaryImageOfPage\":{\"@id\":\"https:\/\/www.csj-emballages.com\/de\/produit\/besen-mit-gerader-weicher-tuelle-blau-40-cm\/#primaryimage\"},\"image\":{\"@id\":\"https:\/\/www.csj-emballages.com\/de\/produit\/besen-mit-gerader-weicher-tuelle-blau-40-cm\/#primaryimage\"},\"thumbnailUrl\":\"https:\/\/www.csj-emballages.com\/wp-content\/uploads\/2024\/03\/balai-alimentaire-30cm-dur-douille-inclinee-jpg-e1726837250715.webp\",\"datePublished\":\"2024-03-01T15:59:21+00:00\",\"dateModified\":\"2026-03-12T15:06:54+00:00\",\"description\":\"Flexibler Besen mit schr\u00e4ger Stielaufnahme, blau, 40 cm, ideal f\u00fcr die professionelle Reinigung. Effizient, handlich und perfekt, um schwer zug\u00e4ngliche Bereiche zu erreichen.\",\"breadcrumb\":{\"@id\":\"https:\/\/www.csj-emballages.com\/de\/produit\/besen-mit-gerader-weicher-tuelle-blau-40-cm\/#breadcrumb\"},\"inLanguage\":\"de\",\"potentialAction\":[{\"@type\":\"ReadAction\",\"target\":[\"https:\/\/www.csj-emballages.com\/de\/produit\/besen-mit-gerader-weicher-tuelle-blau-40-cm\/\"]}]},{\"@type\":\"ImageObject\",\"inLanguage\":\"de\",\"@id\":\"https:\/\/www.csj-emballages.com\/de\/produit\/besen-mit-gerader-weicher-tuelle-blau-40-cm\/#primaryimage\",\"url\":\"https:\/\/www.csj-emballages.com\/wp-content\/uploads\/2024\/03\/balai-alimentaire-30cm-dur-douille-inclinee-jpg-e1726837250715.webp\",\"contentUrl\":\"https:\/\/www.csj-emballages.com\/wp-content\/uploads\/2024\/03\/balai-alimentaire-30cm-dur-douille-inclinee-jpg-e1726837250715.webp\",\"width\":800,\"height\":800},{\"@type\":\"BreadcrumbList\",\"@id\":\"https:\/\/www.csj-emballages.com\/de\/produit\/besen-mit-gerader-weicher-tuelle-blau-40-cm\/#breadcrumb\",\"itemListElement\":[{\"@type\":\"ListItem\",\"position\":1,\"name\":\"Accueil\",\"item\":\"https:\/\/www.csj-emballages.com\/de\/universum-lebensmittelverpackungen\/\"},{\"@type\":\"ListItem\",\"position\":2,\"name\":\"Shop\",\"item\":\"https:\/\/www.csj-emballages.com\/shop\/\"},{\"@type\":\"ListItem\",\"position\":3,\"name\":\"Blauer, flexibler, abgewinkelter Besenkopf, 40 cm\"}]},{\"@type\":\"WebSite\",\"@id\":\"https:\/\/www.csj-emballages.com\/de\/#website\",\"url\":\"https:\/\/www.csj-emballages.com\/de\/\",\"name\":\"CSJ Emballages\",\"description\":\"\",\"publisher\":{\"@id\":\"https:\/\/www.csj-emballages.com\/de\/#organization\"},\"potentialAction\":[{\"@type\":\"SearchAction\",\"target\":{\"@type\":\"EntryPoint\",\"urlTemplate\":\"https:\/\/www.csj-emballages.com\/de\/?s={search_term_string}\"},\"query-input\":{\"@type\":\"PropertyValueSpecification\",\"valueRequired\":true,\"valueName\":\"search_term_string\"}}],\"inLanguage\":\"de\"},{\"@type\":\"Organization\",\"@id\":\"https:\/\/www.csj-emballages.com\/de\/#Organization\/\",\"name\":\"CSJ Emballages\",\"url\":\"https:\/\/www.csj-emballages.com\/de\/\",\"logo\":{\"@type\":\"ImageObject\",\"inLanguage\":\"de\",\"@id\":\"https:\/\/www.csj-emballages.com\/de\/#\/schema\/logo\/image\/\",\"url\":\"https:\/\/www.csj-emballages.com\/wp-content\/uploads\/2023\/10\/logo_csj.webp\",\"contentUrl\":\"https:\/\/www.csj-emballages.com\/wp-content\/uploads\/2023\/10\/logo_csj.webp\",\"width\":250,\"height\":95,\"caption\":\"CSJ Emballages\"},\"image\":{\"@id\":\"https:\/\/www.csj-emballages.com\/de\/#\/schema\/logo\/image\/\"},\"sameAs\":[\"https:\/\/www.facebook.com\/csjemballages\"],\"address\":{\"@type\":\"PostalAddress\",\"streetAddress\":\"ZI La Lechere\",\"addressLocality\":\"Patornay\",\"postalCode\":\"39130\",\"addressCountry\":\"FR\"},\"contactPoint\":[{\"@type\":\"ContactPoint\",\"contactType\":\"Service client\",\"telephone\":\"0384254272\",\"email\":\"contact@csj-emballages.com\"}]}]}<\/script>\n<!-- \/ Yoast SEO Premium plugin. -->","yoast_head_json":{"title":"Flexibler Besen mit Schr\u00e4gaufnahme, Blau, 40 cm","description":"Flexibler Besen mit schr\u00e4ger Stielaufnahme, blau, 40 cm, ideal f\u00fcr die professionelle Reinigung. Effizient, handlich und perfekt, um schwer zug\u00e4ngliche Bereiche zu erreichen.","robots":{"index":"index","follow":"follow","max-snippet":"max-snippet:-1","max-image-preview":"max-image-preview:large","max-video-preview":"max-video-preview:-1"},"canonical":"https:\/\/www.csj-emballages.com\/de\/produit\/besen-mit-gerader-weicher-tuelle-blau-40-cm\/","og_locale":"de_DE","og_type":"article","og_title":"Blauer, flexibler, abgewinkelter Besenkopf, 40 cm","og_description":"Flexibler Besen mit schr\u00e4ger Stielaufnahme, blau, 40 cm, ideal f\u00fcr die professionelle Reinigung. Effizient, handlich und perfekt, um schwer zug\u00e4ngliche Bereiche zu erreichen.","og_url":"https:\/\/www.csj-emballages.com\/de\/produit\/besen-mit-gerader-weicher-tuelle-blau-40-cm\/","og_site_name":"CSJ Emballages","article_publisher":"https:\/\/www.facebook.com\/csjemballages","article_modified_time":"2026-03-12T15:06:54+00:00","og_image":[{"width":800,"height":800,"url":"https:\/\/www.csj-emballages.com\/wp-content\/uploads\/2024\/03\/balai-alimentaire-30cm-dur-douille-inclinee-jpg-e1726837250715.webp","type":"image\/jpeg"}],"twitter_card":"summary_large_image","twitter_misc":{"Gesch\u00e4tzte Lesezeit":"2 Minuten"},"schema":{"@context":"https:\/\/schema.org","@graph":[{"@type":"WebPage","@id":"https:\/\/www.csj-emballages.com\/de\/produit\/besen-mit-gerader-weicher-tuelle-blau-40-cm\/","url":"https:\/\/www.csj-emballages.com\/de\/produit\/besen-mit-gerader-weicher-tuelle-blau-40-cm\/","name":"Flexibler Besen mit Schr\u00e4gaufnahme, Blau, 40 cm","isPartOf":{"@id":"https:\/\/www.csj-emballages.com\/de\/#website"},"primaryImageOfPage":{"@id":"https:\/\/www.csj-emballages.com\/de\/produit\/besen-mit-gerader-weicher-tuelle-blau-40-cm\/#primaryimage"},"image":{"@id":"https:\/\/www.csj-emballages.com\/de\/produit\/besen-mit-gerader-weicher-tuelle-blau-40-cm\/#primaryimage"},"thumbnailUrl":"https:\/\/www.csj-emballages.com\/wp-content\/uploads\/2024\/03\/balai-alimentaire-30cm-dur-douille-inclinee-jpg-e1726837250715.webp","datePublished":"2024-03-01T15:59:21+00:00","dateModified":"2026-03-12T15:06:54+00:00","description":"Flexibler Besen mit schr\u00e4ger Stielaufnahme, blau, 40 cm, ideal f\u00fcr die professionelle Reinigung. Effizient, handlich und perfekt, um schwer zug\u00e4ngliche Bereiche zu erreichen.","breadcrumb":{"@id":"https:\/\/www.csj-emballages.com\/de\/produit\/besen-mit-gerader-weicher-tuelle-blau-40-cm\/#breadcrumb"},"inLanguage":"de","potentialAction":[{"@type":"ReadAction","target":["https:\/\/www.csj-emballages.com\/de\/produit\/besen-mit-gerader-weicher-tuelle-blau-40-cm\/"]}]},{"@type":"ImageObject","inLanguage":"de","@id":"https:\/\/www.csj-emballages.com\/de\/produit\/besen-mit-gerader-weicher-tuelle-blau-40-cm\/#primaryimage","url":"https:\/\/www.csj-emballages.com\/wp-content\/uploads\/2024\/03\/balai-alimentaire-30cm-dur-douille-inclinee-jpg-e1726837250715.webp","contentUrl":"https:\/\/www.csj-emballages.com\/wp-content\/uploads\/2024\/03\/balai-alimentaire-30cm-dur-douille-inclinee-jpg-e1726837250715.webp","width":800,"height":800},{"@type":"BreadcrumbList","@id":"https:\/\/www.csj-emballages.com\/de\/produit\/besen-mit-gerader-weicher-tuelle-blau-40-cm\/#breadcrumb","itemListElement":[{"@type":"ListItem","position":1,"name":"Accueil","item":"https:\/\/www.csj-emballages.com\/de\/universum-lebensmittelverpackungen\/"},{"@type":"ListItem","position":2,"name":"Shop","item":"https:\/\/www.csj-emballages.com\/shop\/"},{"@type":"ListItem","position":3,"name":"Blauer, flexibler, abgewinkelter Besenkopf, 40 cm"}]},{"@type":"WebSite","@id":"https:\/\/www.csj-emballages.com\/de\/#website","url":"https:\/\/www.csj-emballages.com\/de\/","name":"CSJ Emballages","description":"","publisher":{"@id":"https:\/\/www.csj-emballages.com\/de\/#organization"},"potentialAction":[{"@type":"SearchAction","target":{"@type":"EntryPoint","urlTemplate":"https:\/\/www.csj-emballages.com\/de\/?s={search_term_string}"},"query-input":{"@type":"PropertyValueSpecification","valueRequired":true,"valueName":"search_term_string"}}],"inLanguage":"de"},{"@type":"Organization","@id":"https:\/\/www.csj-emballages.com\/de\/#Organization\/","name":"CSJ Emballages","url":"https:\/\/www.csj-emballages.com\/de\/","logo":{"@type":"ImageObject","inLanguage":"de","@id":"https:\/\/www.csj-emballages.com\/de\/#\/schema\/logo\/image\/","url":"https:\/\/www.csj-emballages.com\/wp-content\/uploads\/2023\/10\/logo_csj.webp","contentUrl":"https:\/\/www.csj-emballages.com\/wp-content\/uploads\/2023\/10\/logo_csj.webp","width":250,"height":95,"caption":"CSJ Emballages"},"image":{"@id":"https:\/\/www.csj-emballages.com\/de\/#\/schema\/logo\/image\/"},"sameAs":["https:\/\/www.facebook.com\/csjemballages"],"address":{"@type":"PostalAddress","streetAddress":"ZI La Lechere","addressLocality":"Patornay","postalCode":"39130","addressCountry":"FR"},"contactPoint":[{"@type":"ContactPoint","contactType":"Service client","telephone":"0384254272","email":"contact@csj-emballages.com"}]}]}},"df_price":20.34,"df_sale_price":"","df_regular_price":20.34,"df_image_link":"https:\/\/www.csj-emballages.com\/wp-content\/uploads\/2024\/03\/balai-alimentaire-30cm-dur-douille-inclinee-300x300.webp","tiered_pricing_type":"fixed","tiered_pricing_fixed_rules":[],"tiered_pricing_percentage_rules":[],"tiered_pricing_minimum":1,"tiered_pricing_roles_data":[],"_links":{"self":[{"href":"https:\/\/www.csj-emballages.com\/de\/wp-json\/wp\/v2\/product\/18732","targetHints":{"allow":["GET"]}}],"collection":[{"href":"https:\/\/www.csj-emballages.com\/de\/wp-json\/wp\/v2\/product"}],"about":[{"href":"https:\/\/www.csj-emballages.com\/de\/wp-json\/wp\/v2\/types\/product"}],"wp:featuredmedia":[{"embeddable":true,"href":"https:\/\/www.csj-emballages.com\/de\/wp-json\/wp\/v2\/media\/97988"}],"wp:attachment":[{"href":"https:\/\/www.csj-emballages.com\/de\/wp-json\/wp\/v2\/media?parent=18732"}],"wp:term":[{"taxonomy":"product_brand","embeddable":true,"href":"https:\/\/www.csj-emballages.com\/de\/wp-json\/wp\/v2\/product_brand?post=18732"},{"taxonomy":"product_cat","embeddable":true,"href":"https:\/\/www.csj-emballages.com\/de\/wp-json\/wp\/v2\/product_cat?post=18732"},{"taxonomy":"product_tag","embeddable":true,"href":"https:\/\/www.csj-emballages.com\/de\/wp-json\/wp\/v2\/product_tag?post=18732"}],"curies":[{"name":"wp","href":"https:\/\/api.w.org\/{rel}","templated":true}]}}